{"id":19786,"date":"2022-03-24T16:00:00","date_gmt":"2022-03-24T16:00:00","guid":{"rendered":"https:\/\/aeazores.org\/?post_type=publicacoes&#038;p=19786"},"modified":"2022-04-20T10:10:16","modified_gmt":"2022-04-20T10:10:16","slug":"lagoa-sao-miguel","status":"publish","type":"publicacoes","link":"https:\/\/aeazores.org\/en\/publicacoes\/lagoa-sao-miguel\/","title":{"rendered":"LAGOA, S\u00c3O MIGUEL"},"content":{"rendered":"\t\t<div data-elementor-type=\"wp-post\" data-elementor-id=\"19786\" class=\"elementor elementor-19786 elementor-19780\" data-elementor-settings=\"[]\">\n\t\t\t\t\t\t\t<div class=\"elementor-section-wrap\">\n\t\t\t\t\t\t\t<section class=\"elementor-section elementor-top-section elementor-element elementor-element-98e5ecf elementor-section-boxed elementor-section-height-default elementor-section-height-default\" data-id=\"98e5ecf\" data-element_type=\"section\">\n\t\t\t\t\t\t<div class=\"elementor-container elementor-column-gap-default\">\n\t\t\t\t\t<div class=\"elementor-column elementor-col-100 elementor-top-column elementor-element elementor-element-d90ba2f\" data-id=\"d90ba2f\" data-element_type=\"column\">\n\t\t\t<div class=\"elementor-widget-wrap elementor-element-populated\">\n\t\t\t\t\t\t\t\t<div class=\"elementor-element elementor-element-d9a31b3 elementor-widget elementor-widget-image\" data-id=\"d9a31b3\" data-element_type=\"widget\" data-widget_type=\"image.default\">\n\t\t\t\t<div class=\"elementor-widget-container\">\n\t\t\t\t\t<div class=\"elementor-image\">\n\t\t\t\t\t\t\t<figure class=\"wp-caption\">\n\t\t\t\t\t\t\t\t\t\t<img loading=\"lazy\" decoding=\"async\" width=\"1024\" height=\"681\" src=\"https:\/\/aeazores.org\/wp-content\/uploads\/2022\/03\/33392387178_1f4a4d6ffb_b.jpg\" class=\"attachment-large size-large\" alt=\"\" srcset=\"https:\/\/aeazores.org\/wp-content\/uploads\/2022\/03\/33392387178_1f4a4d6ffb_b.jpg 1024w, https:\/\/aeazores.org\/wp-content\/uploads\/2022\/03\/33392387178_1f4a4d6ffb_b-300x200.jpg 300w, https:\/\/aeazores.org\/wp-content\/uploads\/2022\/03\/33392387178_1f4a4d6ffb_b-768x511.jpg 768w, https:\/\/aeazores.org\/wp-content\/uploads\/2022\/03\/33392387178_1f4a4d6ffb_b-500x333.jpg 500w, https:\/\/aeazores.org\/wp-content\/uploads\/2022\/03\/33392387178_1f4a4d6ffb_b-800x532.jpg 800w, https:\/\/aeazores.org\/wp-content\/uploads\/2022\/03\/33392387178_1f4a4d6ffb_b-600x399.jpg 600w\" sizes=\"auto, (max-width: 1024px) 100vw, 1024px\" \/>\t\t\t\t\t\t\t\t\t\t\t<figcaption class=\"widget-image-caption wp-caption-text\">City of Lagoa, island of S\u00e3o Miguel<\/figcaption>\n\t\t\t\t\t\t\t\t\t\t<\/figure>\n\t\t\t\t\t<\/div>\n\t\t\t\t<\/div>\n\t\t\t\t<\/div>\n\t\t\t\t\t<\/div>\n\t\t<\/div>\n\t\t\t\t\t\t\t<\/div>\n\t\t<\/section>\n\t\t\t\t<section class=\"elementor-section elementor-top-section elementor-element elementor-element-e976bd6 elementor-section-boxed elementor-section-height-default elementor-section-height-default\" data-id=\"e976bd6\" data-element_type=\"section\">\n\t\t\t\t\t\t<div class=\"elementor-container elementor-column-gap-default\">\n\t\t\t\t\t<div class=\"elementor-column elementor-col-100 elementor-top-column elementor-element elementor-element-8a83524\" data-id=\"8a83524\" data-element_type=\"column\">\n\t\t\t<div class=\"elementor-widget-wrap elementor-element-populated\">\n\t\t\t\t\t\t\t\t<div class=\"elementor-element elementor-element-6777060 elementor-widget elementor-widget-text-editor\" data-id=\"6777060\" data-element_type=\"widget\" data-widget_type=\"text-editor.default\">\n\t\t\t\t<div class=\"elementor-widget-container\">\n\t\t\t\t\t<div class=\"elementor-text-editor elementor-clearfix\"><p>Lagoa is a town and municipality on the south coast of the island of S\u00e3o Miguel with a population of around 14 416 inhabitants, spread over its 5 parishes: Santa Cruz and locality of Rem\u00e9dios, Ros\u00e1rio and locality of Atalhada, Cabouco, \u00c1gua de Pau and locality of Caloura and Ribeira Ch\u00e3. Lagoa was elevated to a city in 2012.<\/p><\/div>\n\t\t\t\t<\/div>\n\t\t\t\t<\/div>\n\t\t\t\t\t<\/div>\n\t\t<\/div>\n\t\t\t\t\t\t\t<\/div>\n\t\t<\/section>\n\t\t\t\t<section class=\"elementor-section elementor-top-section elementor-element elementor-element-91b6aef elementor-section-boxed elementor-section-height-default elementor-section-height-default\" data-id=\"91b6aef\" data-element_type=\"section\">\n\t\t\t\t\t\t<div class=\"elementor-container elementor-column-gap-default\">\n\t\t\t\t\t<div class=\"elementor-column elementor-col-50 elementor-top-column elementor-element elementor-element-33aa3f8\" data-id=\"33aa3f8\" data-element_type=\"column\">\n\t\t\t<div class=\"elementor-widget-wrap elementor-element-populated\">\n\t\t\t\t\t\t\t\t<div class=\"elementor-element elementor-element-0c20e8e elementor-widget elementor-widget-image\" data-id=\"0c20e8e\" data-element_type=\"widget\" data-widget_type=\"image.default\">\n\t\t\t\t<div class=\"elementor-widget-container\">\n\t\t\t\t\t<div class=\"elementor-image\">\n\t\t\t\t\t\t\t<figure class=\"wp-caption\">\n\t\t\t\t\t\t\t\t\t\t<img loading=\"lazy\" decoding=\"async\" width=\"699\" height=\"494\" src=\"https:\/\/aeazores.org\/wp-content\/uploads\/2022\/03\/Mapa-lagoa.jpg\" class=\"attachment-large size-large\" alt=\"\" srcset=\"https:\/\/aeazores.org\/wp-content\/uploads\/2022\/03\/Mapa-lagoa.jpg 699w, https:\/\/aeazores.org\/wp-content\/uploads\/2022\/03\/Mapa-lagoa-300x212.jpg 300w, https:\/\/aeazores.org\/wp-content\/uploads\/2022\/03\/Mapa-lagoa-500x353.jpg 500w, https:\/\/aeazores.org\/wp-content\/uploads\/2022\/03\/Mapa-lagoa-600x424.jpg 600w\" sizes=\"auto, (max-width: 699px) 100vw, 699px\" \/>\t\t\t\t\t\t\t\t\t\t\t<figcaption class=\"widget-image-caption wp-caption-text\">Parishes of the municipality of Lagoa, Azores<\/figcaption>\n\t\t\t\t\t\t\t\t\t\t<\/figure>\n\t\t\t\t\t<\/div>\n\t\t\t\t<\/div>\n\t\t\t\t<\/div>\n\t\t\t\t\t<\/div>\n\t\t<\/div>\n\t\t\t\t<div class=\"elementor-column elementor-col-50 elementor-top-column elementor-element elementor-element-4c3d3bd\" data-id=\"4c3d3bd\" data-element_type=\"column\">\n\t\t\t<div class=\"elementor-widget-wrap elementor-element-populated\">\n\t\t\t\t\t\t\t\t<div class=\"elementor-element elementor-element-907da2f elementor-widget elementor-widget-image\" data-id=\"907da2f\" data-element_type=\"widget\" data-widget_type=\"image.default\">\n\t\t\t\t<div class=\"elementor-widget-container\">\n\t\t\t\t\t<div class=\"elementor-image\">\n\t\t\t\t\t\t\t<figure class=\"wp-caption\">\n\t\t\t\t\t\t\t\t\t\t<img loading=\"lazy\" decoding=\"async\" width=\"1024\" height=\"542\" src=\"https:\/\/aeazores.org\/wp-content\/uploads\/2022\/03\/4-1024x542.jpg\" class=\"attachment-large size-large\" alt=\"\" srcset=\"https:\/\/aeazores.org\/wp-content\/uploads\/2022\/03\/4-1024x542.jpg 1024w, https:\/\/aeazores.org\/wp-content\/uploads\/2022\/03\/4-300x159.jpg 300w, https:\/\/aeazores.org\/wp-content\/uploads\/2022\/03\/4-768x407.jpg 768w, https:\/\/aeazores.org\/wp-content\/uploads\/2022\/03\/4-500x265.jpg 500w, https:\/\/aeazores.org\/wp-content\/uploads\/2022\/03\/4-800x424.jpg 800w, https:\/\/aeazores.org\/wp-content\/uploads\/2022\/03\/4-1280x678.jpg 1280w, https:\/\/aeazores.org\/wp-content\/uploads\/2022\/03\/4-1536x813.jpg 1536w, https:\/\/aeazores.org\/wp-content\/uploads\/2022\/03\/4-600x318.jpg 600w, https:\/\/aeazores.org\/wp-content\/uploads\/2022\/03\/4.jpg 1579w\" sizes=\"auto, (max-width: 1024px) 100vw, 1024px\" \/>\t\t\t\t\t\t\t\t\t\t\t<figcaption class=\"widget-image-caption wp-caption-text\">Lagoa, S\u00e3o Miguel island<\/figcaption>\n\t\t\t\t\t\t\t\t\t\t<\/figure>\n\t\t\t\t\t<\/div>\n\t\t\t\t<\/div>\n\t\t\t\t<\/div>\n\t\t\t\t\t<\/div>\n\t\t<\/div>\n\t\t\t\t\t\t\t<\/div>\n\t\t<\/section>\n\t\t\t\t<section class=\"elementor-section elementor-top-section elementor-element elementor-element-c943d87 elementor-section-boxed elementor-section-height-default elementor-section-height-default\" data-id=\"c943d87\" data-element_type=\"section\">\n\t\t\t\t\t\t<div class=\"elementor-container elementor-column-gap-default\">\n\t\t\t\t\t<div class=\"elementor-column elementor-col-100 elementor-top-column elementor-element elementor-element-85509c8\" data-id=\"85509c8\" data-element_type=\"column\">\n\t\t\t<div class=\"elementor-widget-wrap elementor-element-populated\">\n\t\t\t\t\t\t\t\t<div class=\"elementor-element elementor-element-f66c797 elementor-widget elementor-widget-text-editor\" data-id=\"f66c797\" data-element_type=\"widget\" data-widget_type=\"text-editor.default\">\n\t\t\t\t<div class=\"elementor-widget-container\">\n\t\t\t\t\t<div class=\"elementor-text-editor elementor-clearfix\"><p>When the discoverers arrived on the island of S\u00e3o Miguel, Lagoa was one of the first places to be populated. Being located between Vila Franca do Campo and Ponta Delgada, two important centres on the island of S\u00e3o Miguel, it allowed the development and dynamisation of the then town of Lagoa, which was considered by King D. Jo\u00e3o III, in 1522, to be one of the best agricultural regions on the island with its wheat, pastel and wine cultivation. The Porto dos Carneiros, in Lagoa, had an important economic activity through the export of products and the sale of fish. From the 19th century onwards, with the orange cultivation, Lagoa became one of the main centres of orange cultivation and exportation, which eventually led to its prosperity. After the orange, came the cultivation of tobacco, beetroot and chicory, thus beginning the manufacturing activity in Lagoa and consequently a significant economic development.<\/p><\/div>\n\t\t\t\t<\/div>\n\t\t\t\t<\/div>\n\t\t\t\t\t<\/div>\n\t\t<\/div>\n\t\t\t\t\t\t\t<\/div>\n\t\t<\/section>\n\t\t\t\t<section class=\"elementor-section elementor-top-section elementor-element elementor-element-7ce4161 elementor-section-boxed elementor-section-height-default elementor-section-height-default\" data-id=\"7ce4161\" data-element_type=\"section\">\n\t\t\t\t\t\t<div class=\"elementor-container elementor-column-gap-default\">\n\t\t\t\t\t<div class=\"elementor-column elementor-col-50 elementor-top-column elementor-element elementor-element-0b5cf50\" data-id=\"0b5cf50\" data-element_type=\"column\">\n\t\t\t<div class=\"elementor-widget-wrap elementor-element-populated\">\n\t\t\t\t\t\t\t\t<div class=\"elementor-element elementor-element-3156b32 elementor-widget elementor-widget-image\" data-id=\"3156b32\" data-element_type=\"widget\" data-widget_type=\"image.default\">\n\t\t\t\t<div class=\"elementor-widget-container\">\n\t\t\t\t\t<div class=\"elementor-image\">\n\t\t\t\t\t\t\t<figure class=\"wp-caption\">\n\t\t\t\t\t\t\t\t\t\t<img loading=\"lazy\" decoding=\"async\" width=\"1024\" height=\"565\" src=\"https:\/\/aeazores.org\/wp-content\/uploads\/2022\/03\/EdificioPacosConcelhoLagoa-Acores-portal-1024x565.jpg\" class=\"attachment-large size-large\" alt=\"\" srcset=\"https:\/\/aeazores.org\/wp-content\/uploads\/2022\/03\/EdificioPacosConcelhoLagoa-Acores-portal-1024x565.jpg 1024w, https:\/\/aeazores.org\/wp-content\/uploads\/2022\/03\/EdificioPacosConcelhoLagoa-Acores-portal-300x166.jpg 300w, https:\/\/aeazores.org\/wp-content\/uploads\/2022\/03\/EdificioPacosConcelhoLagoa-Acores-portal-768x424.jpg 768w, https:\/\/aeazores.org\/wp-content\/uploads\/2022\/03\/EdificioPacosConcelhoLagoa-Acores-portal-500x276.jpg 500w, https:\/\/aeazores.org\/wp-content\/uploads\/2022\/03\/EdificioPacosConcelhoLagoa-Acores-portal-800x442.jpg 800w, https:\/\/aeazores.org\/wp-content\/uploads\/2022\/03\/EdificioPacosConcelhoLagoa-Acores-portal-1280x707.jpg 1280w, https:\/\/aeazores.org\/wp-content\/uploads\/2022\/03\/EdificioPacosConcelhoLagoa-Acores-portal-1920x1060.jpg 1920w, https:\/\/aeazores.org\/wp-content\/uploads\/2022\/03\/EdificioPacosConcelhoLagoa-Acores-portal-1536x848.jpg 1536w, https:\/\/aeazores.org\/wp-content\/uploads\/2022\/03\/EdificioPacosConcelhoLagoa-Acores-portal-600x331.jpg 600w, https:\/\/aeazores.org\/wp-content\/uploads\/2022\/03\/EdificioPacosConcelhoLagoa-Acores-portal.jpg 2000w\" sizes=\"auto, (max-width: 1024px) 100vw, 1024px\" \/>\t\t\t\t\t\t\t\t\t\t\t<figcaption class=\"widget-image-caption wp-caption-text\">Lagoa Town Hall Building<\/figcaption>\n\t\t\t\t\t\t\t\t\t\t<\/figure>\n\t\t\t\t\t<\/div>\n\t\t\t\t<\/div>\n\t\t\t\t<\/div>\n\t\t\t\t\t<\/div>\n\t\t<\/div>\n\t\t\t\t<div class=\"elementor-column elementor-col-50 elementor-top-column elementor-element elementor-element-ab51a3b\" data-id=\"ab51a3b\" data-element_type=\"column\">\n\t\t\t<div class=\"elementor-widget-wrap elementor-element-populated\">\n\t\t\t\t\t\t\t\t<div class=\"elementor-element elementor-element-fb8c4bf elementor-widget elementor-widget-image\" data-id=\"fb8c4bf\" data-element_type=\"widget\" data-widget_type=\"image.default\">\n\t\t\t\t<div class=\"elementor-widget-container\">\n\t\t\t\t\t<div class=\"elementor-image\">\n\t\t\t\t\t\t\t<figure class=\"wp-caption\">\n\t\t\t\t\t\t\t\t\t\t<img loading=\"lazy\" decoding=\"async\" width=\"1024\" height=\"685\" src=\"https:\/\/aeazores.org\/wp-content\/uploads\/2022\/03\/Porto_da_Lagoa_vista_parcial_foto_feita_so_Miradouro_do_Castelo_Lagoa_ilha_de_Sao_Miguel_Acores-1024x685.jpg\" class=\"attachment-large size-large\" alt=\"\" srcset=\"https:\/\/aeazores.org\/wp-content\/uploads\/2022\/03\/Porto_da_Lagoa_vista_parcial_foto_feita_so_Miradouro_do_Castelo_Lagoa_ilha_de_Sao_Miguel_Acores-1024x685.jpg 1024w, https:\/\/aeazores.org\/wp-content\/uploads\/2022\/03\/Porto_da_Lagoa_vista_parcial_foto_feita_so_Miradouro_do_Castelo_Lagoa_ilha_de_Sao_Miguel_Acores-300x201.jpg 300w, https:\/\/aeazores.org\/wp-content\/uploads\/2022\/03\/Porto_da_Lagoa_vista_parcial_foto_feita_so_Miradouro_do_Castelo_Lagoa_ilha_de_Sao_Miguel_Acores-768x514.jpg 768w, https:\/\/aeazores.org\/wp-content\/uploads\/2022\/03\/Porto_da_Lagoa_vista_parcial_foto_feita_so_Miradouro_do_Castelo_Lagoa_ilha_de_Sao_Miguel_Acores-500x335.jpg 500w, https:\/\/aeazores.org\/wp-content\/uploads\/2022\/03\/Porto_da_Lagoa_vista_parcial_foto_feita_so_Miradouro_do_Castelo_Lagoa_ilha_de_Sao_Miguel_Acores-800x536.jpg 800w, https:\/\/aeazores.org\/wp-content\/uploads\/2022\/03\/Porto_da_Lagoa_vista_parcial_foto_feita_so_Miradouro_do_Castelo_Lagoa_ilha_de_Sao_Miguel_Acores-1280x857.jpg 1280w, https:\/\/aeazores.org\/wp-content\/uploads\/2022\/03\/Porto_da_Lagoa_vista_parcial_foto_feita_so_Miradouro_do_Castelo_Lagoa_ilha_de_Sao_Miguel_Acores-1920x1285.jpg 1920w, https:\/\/aeazores.org\/wp-content\/uploads\/2022\/03\/Porto_da_Lagoa_vista_parcial_foto_feita_so_Miradouro_do_Castelo_Lagoa_ilha_de_Sao_Miguel_Acores-1536x1028.jpg 1536w, https:\/\/aeazores.org\/wp-content\/uploads\/2022\/03\/Porto_da_Lagoa_vista_parcial_foto_feita_so_Miradouro_do_Castelo_Lagoa_ilha_de_Sao_Miguel_Acores-2048x1371.jpg 2048w, https:\/\/aeazores.org\/wp-content\/uploads\/2022\/03\/Porto_da_Lagoa_vista_parcial_foto_feita_so_Miradouro_do_Castelo_Lagoa_ilha_de_Sao_Miguel_Acores-600x402.jpg 600w\" sizes=\"auto, (max-width: 1024px) 100vw, 1024px\" \/>\t\t\t\t\t\t\t\t\t\t\t<figcaption class=\"widget-image-caption wp-caption-text\">Porto dos Carneiros, Lagoa<\/figcaption>\n\t\t\t\t\t\t\t\t\t\t<\/figure>\n\t\t\t\t\t<\/div>\n\t\t\t\t<\/div>\n\t\t\t\t<\/div>\n\t\t\t\t\t<\/div>\n\t\t<\/div>\n\t\t\t\t\t\t\t<\/div>\n\t\t<\/section>\n\t\t\t\t<section class=\"elementor-section elementor-top-section elementor-element elementor-element-dabba1f elementor-section-boxed elementor-section-height-default elementor-section-height-default\" data-id=\"dabba1f\" data-element_type=\"section\">\n\t\t\t\t\t\t<div class=\"elementor-container elementor-column-gap-default\">\n\t\t\t\t\t<div class=\"elementor-column elementor-col-100 elementor-top-column elementor-element elementor-element-43b429c\" data-id=\"43b429c\" data-element_type=\"column\">\n\t\t\t<div class=\"elementor-widget-wrap elementor-element-populated\">\n\t\t\t\t\t\t\t\t<div class=\"elementor-element elementor-element-beadec4 elementor-widget elementor-widget-text-editor\" data-id=\"beadec4\" data-element_type=\"widget\" data-widget_type=\"text-editor.default\">\n\t\t\t\t<div class=\"elementor-widget-container\">\n\t\t\t\t\t<div class=\"elementor-text-editor elementor-clearfix\"><p>On an architectural level, in Lagoa, there are beautiful houses, manor houses, chapels and churches which have an important patrimonial value, among which are the Franciscan Convent which serves as the Municipal Library Tomaz de Borba Vieira; Casa da Cultura Carlos C\u00e9sar; Solar da Atalhada; the Church of Nossa Senhora dos Rem\u00e9dios.<\/p><\/div>\n\t\t\t\t<\/div>\n\t\t\t\t<\/div>\n\t\t\t\t\t<\/div>\n\t\t<\/div>\n\t\t\t\t\t\t\t<\/div>\n\t\t<\/section>\n\t\t\t\t<section class=\"elementor-section elementor-top-section elementor-element elementor-element-a42e7ad elementor-section-boxed elementor-section-height-default elementor-section-height-default\" data-id=\"a42e7ad\" data-element_type=\"section\">\n\t\t\t\t\t\t<div class=\"elementor-container elementor-column-gap-default\">\n\t\t\t\t\t<div class=\"elementor-column elementor-col-50 elementor-top-column elementor-element elementor-element-328933c\" data-id=\"328933c\" data-element_type=\"column\">\n\t\t\t<div class=\"elementor-widget-wrap elementor-element-populated\">\n\t\t\t\t\t\t\t\t<div class=\"elementor-element elementor-element-56cf619 elementor-widget elementor-widget-image\" data-id=\"56cf619\" data-element_type=\"widget\" data-widget_type=\"image.default\">\n\t\t\t\t<div class=\"elementor-widget-container\">\n\t\t\t\t\t<div class=\"elementor-image\">\n\t\t\t\t\t\t\t<figure class=\"wp-caption\">\n\t\t\t\t\t\t\t\t\t\t<img loading=\"lazy\" decoding=\"async\" width=\"1024\" height=\"578\" src=\"https:\/\/aeazores.org\/wp-content\/uploads\/2022\/03\/convento-dos-frades-lagoa-1024x578.webp\" class=\"attachment-large size-large\" alt=\"\" srcset=\"https:\/\/aeazores.org\/wp-content\/uploads\/2022\/03\/convento-dos-frades-lagoa-1024x578.webp 1024w, https:\/\/aeazores.org\/wp-content\/uploads\/2022\/03\/convento-dos-frades-lagoa-300x169.webp 300w, https:\/\/aeazores.org\/wp-content\/uploads\/2022\/03\/convento-dos-frades-lagoa-768x433.webp 768w, https:\/\/aeazores.org\/wp-content\/uploads\/2022\/03\/convento-dos-frades-lagoa-500x282.webp 500w, https:\/\/aeazores.org\/wp-content\/uploads\/2022\/03\/convento-dos-frades-lagoa-800x451.webp 800w, https:\/\/aeazores.org\/wp-content\/uploads\/2022\/03\/convento-dos-frades-lagoa-600x339.webp 600w, https:\/\/aeazores.org\/wp-content\/uploads\/2022\/03\/convento-dos-frades-lagoa.webp 1200w\" sizes=\"auto, (max-width: 1024px) 100vw, 1024px\" \/>\t\t\t\t\t\t\t\t\t\t\t<figcaption class=\"widget-image-caption wp-caption-text\">Franciscan Convent, Lagoa<\/figcaption>\n\t\t\t\t\t\t\t\t\t\t<\/figure>\n\t\t\t\t\t<\/div>\n\t\t\t\t<\/div>\n\t\t\t\t<\/div>\n\t\t\t\t\t<\/div>\n\t\t<\/div>\n\t\t\t\t<div class=\"elementor-column elementor-col-50 elementor-top-column elementor-element elementor-element-af83167\" data-id=\"af83167\" data-element_type=\"column\">\n\t\t\t<div class=\"elementor-widget-wrap elementor-element-populated\">\n\t\t\t\t\t\t\t\t<div class=\"elementor-element elementor-element-182b765 elementor-widget elementor-widget-image\" data-id=\"182b765\" data-element_type=\"widget\" data-widget_type=\"image.default\">\n\t\t\t\t<div class=\"elementor-widget-container\">\n\t\t\t\t\t<div class=\"elementor-image\">\n\t\t\t\t\t\t\t<figure class=\"wp-caption\">\n\t\t\t\t\t\t\t\t\t\t<img loading=\"lazy\" decoding=\"async\" width=\"928\" height=\"614\" src=\"https:\/\/aeazores.org\/wp-content\/uploads\/2022\/03\/PT-SRTT-CFSRTT-ALB21_d00093.jpg\" class=\"attachment-large size-large\" alt=\"\" srcset=\"https:\/\/aeazores.org\/wp-content\/uploads\/2022\/03\/PT-SRTT-CFSRTT-ALB21_d00093.jpg 928w, https:\/\/aeazores.org\/wp-content\/uploads\/2022\/03\/PT-SRTT-CFSRTT-ALB21_d00093-300x198.jpg 300w, https:\/\/aeazores.org\/wp-content\/uploads\/2022\/03\/PT-SRTT-CFSRTT-ALB21_d00093-768x508.jpg 768w, https:\/\/aeazores.org\/wp-content\/uploads\/2022\/03\/PT-SRTT-CFSRTT-ALB21_d00093-500x331.jpg 500w, https:\/\/aeazores.org\/wp-content\/uploads\/2022\/03\/PT-SRTT-CFSRTT-ALB21_d00093-800x529.jpg 800w, https:\/\/aeazores.org\/wp-content\/uploads\/2022\/03\/PT-SRTT-CFSRTT-ALB21_d00093-600x397.jpg 600w\" sizes=\"auto, (max-width: 928px) 100vw, 928px\" \/>\t\t\t\t\t\t\t\t\t\t\t<figcaption class=\"widget-image-caption wp-caption-text\">Franciscan Convent, Lagoa<\/figcaption>\n\t\t\t\t\t\t\t\t\t\t<\/figure>\n\t\t\t\t\t<\/div>\n\t\t\t\t<\/div>\n\t\t\t\t<\/div>\n\t\t\t\t\t<\/div>\n\t\t<\/div>\n\t\t\t\t\t\t\t<\/div>\n\t\t<\/section>\n\t\t\t\t<section class=\"elementor-section elementor-top-section elementor-element elementor-element-b118cb9 elementor-section-boxed elementor-section-height-default elementor-section-height-default\" data-id=\"b118cb9\" data-element_type=\"section\">\n\t\t\t\t\t\t<div class=\"elementor-container elementor-column-gap-default\">\n\t\t\t\t\t<div class=\"elementor-column elementor-col-33 elementor-top-column elementor-element elementor-element-ea3e6f3\" data-id=\"ea3e6f3\" data-element_type=\"column\">\n\t\t\t<div class=\"elementor-widget-wrap elementor-element-populated\">\n\t\t\t\t\t\t\t\t<div class=\"elementor-element elementor-element-0c68095 elementor-widget elementor-widget-image\" data-id=\"0c68095\" data-element_type=\"widget\" data-widget_type=\"image.default\">\n\t\t\t\t<div class=\"elementor-widget-container\">\n\t\t\t\t\t<div class=\"elementor-image\">\n\t\t\t\t\t\t\t<figure class=\"wp-caption\">\n\t\t\t\t\t\t\t\t\t\t<img loading=\"lazy\" decoding=\"async\" width=\"570\" height=\"287\" src=\"https:\/\/aeazores.org\/wp-content\/uploads\/2022\/03\/PT_casa_da_cultura_3.jpg\" class=\"attachment-large size-large\" alt=\"\" srcset=\"https:\/\/aeazores.org\/wp-content\/uploads\/2022\/03\/PT_casa_da_cultura_3.jpg 570w, https:\/\/aeazores.org\/wp-content\/uploads\/2022\/03\/PT_casa_da_cultura_3-300x151.jpg 300w, https:\/\/aeazores.org\/wp-content\/uploads\/2022\/03\/PT_casa_da_cultura_3-500x252.jpg 500w\" sizes=\"auto, (max-width: 570px) 100vw, 570px\" \/>\t\t\t\t\t\t\t\t\t\t\t<figcaption class=\"widget-image-caption wp-caption-text\">Carlos C\u00e9sar Culture House, Lagoa<\/figcaption>\n\t\t\t\t\t\t\t\t\t\t<\/figure>\n\t\t\t\t\t<\/div>\n\t\t\t\t<\/div>\n\t\t\t\t<\/div>\n\t\t\t\t\t<\/div>\n\t\t<\/div>\n\t\t\t\t<div class=\"elementor-column elementor-col-33 elementor-top-column elementor-element elementor-element-3bed2cc\" data-id=\"3bed2cc\" data-element_type=\"column\">\n\t\t\t<div class=\"elementor-widget-wrap elementor-element-populated\">\n\t\t\t\t\t\t\t\t<div class=\"elementor-element elementor-element-cca7d95 elementor-widget elementor-widget-image\" data-id=\"cca7d95\" data-element_type=\"widget\" data-widget_type=\"image.default\">\n\t\t\t\t<div class=\"elementor-widget-container\">\n\t\t\t\t\t<div class=\"elementor-image\">\n\t\t\t\t\t\t\t<figure class=\"wp-caption\">\n\t\t\t\t\t\t\t\t\t\t<img loading=\"lazy\" decoding=\"async\" width=\"350\" height=\"234\" src=\"https:\/\/aeazores.org\/wp-content\/uploads\/2022\/03\/350px-Igreja_de_Nossa_Senhora_do_Rosario_fachada_Lagoa_ilha_de_Sao_Miguel_Acores.jpg\" class=\"attachment-large size-large\" alt=\"\" srcset=\"https:\/\/aeazores.org\/wp-content\/uploads\/2022\/03\/350px-Igreja_de_Nossa_Senhora_do_Rosario_fachada_Lagoa_ilha_de_Sao_Miguel_Acores.jpg 350w, https:\/\/aeazores.org\/wp-content\/uploads\/2022\/03\/350px-Igreja_de_Nossa_Senhora_do_Rosario_fachada_Lagoa_ilha_de_Sao_Miguel_Acores-300x201.jpg 300w\" sizes=\"auto, (max-width: 350px) 100vw, 350px\" \/>\t\t\t\t\t\t\t\t\t\t\t<figcaption class=\"widget-image-caption wp-caption-text\">Nossa Senhora do Ros\u00e1rio Church, Lagoa<\/figcaption>\n\t\t\t\t\t\t\t\t\t\t<\/figure>\n\t\t\t\t\t<\/div>\n\t\t\t\t<\/div>\n\t\t\t\t<\/div>\n\t\t\t\t\t<\/div>\n\t\t<\/div>\n\t\t\t\t<div class=\"elementor-column elementor-col-33 elementor-top-column elementor-element elementor-element-9eaa789\" data-id=\"9eaa789\" data-element_type=\"column\">\n\t\t\t<div class=\"elementor-widget-wrap elementor-element-populated\">\n\t\t\t\t\t\t\t\t<div class=\"elementor-element elementor-element-d4eeebd elementor-widget elementor-widget-image\" data-id=\"d4eeebd\" data-element_type=\"widget\" data-widget_type=\"image.default\">\n\t\t\t\t<div class=\"elementor-widget-container\">\n\t\t\t\t\t<div class=\"elementor-image\">\n\t\t\t\t\t\t\t<figure class=\"wp-caption\">\n\t\t\t\t\t\t\t\t\t\t<img loading=\"lazy\" decoding=\"async\" width=\"538\" height=\"358\" src=\"https:\/\/aeazores.org\/wp-content\/uploads\/2022\/03\/Casa20da20Atalhada2011.jpg\" class=\"attachment-large size-large\" alt=\"\" srcset=\"https:\/\/aeazores.org\/wp-content\/uploads\/2022\/03\/Casa20da20Atalhada2011.jpg 538w, https:\/\/aeazores.org\/wp-content\/uploads\/2022\/03\/Casa20da20Atalhada2011-300x200.jpg 300w, https:\/\/aeazores.org\/wp-content\/uploads\/2022\/03\/Casa20da20Atalhada2011-500x333.jpg 500w\" sizes=\"auto, (max-width: 538px) 100vw, 538px\" \/>\t\t\t\t\t\t\t\t\t\t\t<figcaption class=\"widget-image-caption wp-caption-text\">Atalhada Manor House, Lagoa<\/figcaption>\n\t\t\t\t\t\t\t\t\t\t<\/figure>\n\t\t\t\t\t<\/div>\n\t\t\t\t<\/div>\n\t\t\t\t<\/div>\n\t\t\t\t\t<\/div>\n\t\t<\/div>\n\t\t\t\t\t\t\t<\/div>\n\t\t<\/section>\n\t\t\t\t<section class=\"elementor-section elementor-top-section elementor-element elementor-element-27b2916 elementor-section-boxed elementor-section-height-default elementor-section-height-default\" data-id=\"27b2916\" data-element_type=\"section\">\n\t\t\t\t\t\t<div class=\"elementor-container elementor-column-gap-default\">\n\t\t\t\t\t<div class=\"elementor-column elementor-col-100 elementor-top-column elementor-element elementor-element-c2bfdab\" data-id=\"c2bfdab\" data-element_type=\"column\">\n\t\t\t<div class=\"elementor-widget-wrap elementor-element-populated\">\n\t\t\t\t\t\t\t\t<div class=\"elementor-element elementor-element-9642b6e elementor-widget elementor-widget-text-editor\" data-id=\"9642b6e\" data-element_type=\"widget\" data-widget_type=\"text-editor.default\">\n\t\t\t\t<div class=\"elementor-widget-container\">\n\t\t\t\t\t<div class=\"elementor-text-editor elementor-clearfix\"><p>In Lagoa we can find a magnificent bathing area, in the parish of Ros\u00e1rio, which is the Lagoa swimming pool complex composed of a covered pool, natural pools, a semi-olympic pool and pools for children.<\/p><\/div>\n\t\t\t\t<\/div>\n\t\t\t\t<\/div>\n\t\t\t\t\t<\/div>\n\t\t<\/div>\n\t\t\t\t\t\t\t<\/div>\n\t\t<\/section>\n\t\t\t\t<section class=\"elementor-section elementor-top-section elementor-element elementor-element-d41d290 elementor-section-boxed elementor-section-height-default elementor-section-height-default\" data-id=\"d41d290\" data-element_type=\"section\">\n\t\t\t\t\t\t<div class=\"elementor-container elementor-column-gap-default\">\n\t\t\t\t\t<div class=\"elementor-column elementor-col-100 elementor-top-column elementor-element elementor-element-5904443\" data-id=\"5904443\" data-element_type=\"column\">\n\t\t\t<div class=\"elementor-widget-wrap elementor-element-populated\">\n\t\t\t\t\t\t\t\t<div class=\"elementor-element elementor-element-4c8b1d8 elementor-widget elementor-widget-image\" data-id=\"4c8b1d8\" data-element_type=\"widget\" data-widget_type=\"image.default\">\n\t\t\t\t<div class=\"elementor-widget-container\">\n\t\t\t\t\t<div class=\"elementor-image\">\n\t\t\t\t\t\t\t<figure class=\"wp-caption\">\n\t\t\t\t\t\t\t\t\t\t<img loading=\"lazy\" decoding=\"async\" width=\"660\" height=\"370\" src=\"https:\/\/aeazores.org\/wp-content\/uploads\/2022\/03\/ACO_SMiguel_ZB-Lagoa_660x371.jpg\" class=\"attachment-large size-large\" alt=\"\" srcset=\"https:\/\/aeazores.org\/wp-content\/uploads\/2022\/03\/ACO_SMiguel_ZB-Lagoa_660x371.jpg 660w, https:\/\/aeazores.org\/wp-content\/uploads\/2022\/03\/ACO_SMiguel_ZB-Lagoa_660x371-300x168.jpg 300w, https:\/\/aeazores.org\/wp-content\/uploads\/2022\/03\/ACO_SMiguel_ZB-Lagoa_660x371-500x280.jpg 500w, https:\/\/aeazores.org\/wp-content\/uploads\/2022\/03\/ACO_SMiguel_ZB-Lagoa_660x371-600x336.jpg 600w\" sizes=\"auto, (max-width: 660px) 100vw, 660px\" \/>\t\t\t\t\t\t\t\t\t\t\t<figcaption class=\"widget-image-caption wp-caption-text\">Natural Pools of Lagoa<\/figcaption>\n\t\t\t\t\t\t\t\t\t\t<\/figure>\n\t\t\t\t\t<\/div>\n\t\t\t\t<\/div>\n\t\t\t\t<\/div>\n\t\t\t\t\t<\/div>\n\t\t<\/div>\n\t\t\t\t\t\t\t<\/div>\n\t\t<\/section>\n\t\t\t\t<section class=\"elementor-section elementor-top-section elementor-element elementor-element-16aaf31 elementor-section-boxed elementor-section-height-default elementor-section-height-default\" data-id=\"16aaf31\" data-element_type=\"section\">\n\t\t\t\t\t\t<div class=\"elementor-container elementor-column-gap-default\">\n\t\t\t\t\t<div class=\"elementor-column elementor-col-100 elementor-top-column elementor-element elementor-element-3288279\" data-id=\"3288279\" data-element_type=\"column\">\n\t\t\t<div class=\"elementor-widget-wrap elementor-element-populated\">\n\t\t\t\t\t\t\t\t<div class=\"elementor-element elementor-element-1883b07 elementor-widget elementor-widget-text-editor\" data-id=\"1883b07\" data-element_type=\"widget\" data-widget_type=\"text-editor.default\">\n\t\t\t\t<div class=\"elementor-widget-container\">\n\t\t\t\t\t<div class=\"elementor-text-editor elementor-clearfix\"><p>In the city of Lagoa, it is the religious festivals that stand out the most and animate the population with their festivals and processions, namely the feast of Santa Cruz and the feast in honour of Our Lady of the Rosary. In the Franciscan Convent, every year the white party is held in its installations, providing its participants with a night of celebration and great animation. For the Popular Saints, in June, Lagoa celebrates in honour of the matchmaker Saint Anthony, where the popular marches are held and also the Brides of Saint Anthony could not be missed.<\/p><\/div>\n\t\t\t\t<\/div>\n\t\t\t\t<\/div>\n\t\t\t\t\t<\/div>\n\t\t<\/div>\n\t\t\t\t\t\t\t<\/div>\n\t\t<\/section>\n\t\t\t\t<section class=\"elementor-section elementor-top-section elementor-element elementor-element-fb9db7a elementor-section-boxed elementor-section-height-default elementor-section-height-default\" data-id=\"fb9db7a\" data-element_type=\"section\">\n\t\t\t\t\t\t<div class=\"elementor-container elementor-column-gap-default\">\n\t\t\t\t\t<div class=\"elementor-column elementor-col-50 elementor-top-column elementor-element elementor-element-0e2519d\" data-id=\"0e2519d\" data-element_type=\"column\">\n\t\t\t<div class=\"elementor-widget-wrap elementor-element-populated\">\n\t\t\t\t\t\t\t\t<div class=\"elementor-element elementor-element-974ee8b elementor-widget elementor-widget-image\" data-id=\"974ee8b\" data-element_type=\"widget\" data-widget_type=\"image.default\">\n\t\t\t\t<div class=\"elementor-widget-container\">\n\t\t\t\t\t<div class=\"elementor-image\">\n\t\t\t\t\t\t\t<figure class=\"wp-caption\">\n\t\t\t\t\t\t\t\t\t\t<img loading=\"lazy\" decoding=\"async\" width=\"800\" height=\"600\" src=\"https:\/\/aeazores.org\/wp-content\/uploads\/2022\/03\/28217.jpg\" class=\"attachment-large size-large\" alt=\"\" srcset=\"https:\/\/aeazores.org\/wp-content\/uploads\/2022\/03\/28217.jpg 800w, https:\/\/aeazores.org\/wp-content\/uploads\/2022\/03\/28217-300x225.jpg 300w, https:\/\/aeazores.org\/wp-content\/uploads\/2022\/03\/28217-768x576.jpg 768w, https:\/\/aeazores.org\/wp-content\/uploads\/2022\/03\/28217-500x375.jpg 500w, https:\/\/aeazores.org\/wp-content\/uploads\/2022\/03\/28217-600x450.jpg 600w\" sizes=\"auto, (max-width: 800px) 100vw, 800px\" \/>\t\t\t\t\t\t\t\t\t\t\t<figcaption class=\"widget-image-caption wp-caption-text\">White Party at the Franciscan Convent, Lagoa<\/figcaption>\n\t\t\t\t\t\t\t\t\t\t<\/figure>\n\t\t\t\t\t<\/div>\n\t\t\t\t<\/div>\n\t\t\t\t<\/div>\n\t\t\t\t\t<\/div>\n\t\t<\/div>\n\t\t\t\t<div class=\"elementor-column elementor-col-50 elementor-top-column elementor-element elementor-element-c941457\" data-id=\"c941457\" data-element_type=\"column\">\n\t\t\t<div class=\"elementor-widget-wrap elementor-element-populated\">\n\t\t\t\t\t\t\t\t<div class=\"elementor-element elementor-element-9d2efa4 elementor-widget elementor-widget-image\" data-id=\"9d2efa4\" data-element_type=\"widget\" data-widget_type=\"image.default\">\n\t\t\t\t<div class=\"elementor-widget-container\">\n\t\t\t\t\t<div class=\"elementor-image\">\n\t\t\t\t\t\t\t<figure class=\"wp-caption\">\n\t\t\t\t\t\t\t\t\t\t<img loading=\"lazy\" decoding=\"async\" width=\"1024\" height=\"576\" src=\"https:\/\/aeazores.org\/wp-content\/uploads\/2022\/03\/transferir.jpg\" class=\"attachment-large size-large\" alt=\"\" srcset=\"https:\/\/aeazores.org\/wp-content\/uploads\/2022\/03\/transferir.jpg 1024w, https:\/\/aeazores.org\/wp-content\/uploads\/2022\/03\/transferir-300x169.jpg 300w, https:\/\/aeazores.org\/wp-content\/uploads\/2022\/03\/transferir-768x432.jpg 768w, https:\/\/aeazores.org\/wp-content\/uploads\/2022\/03\/transferir-500x281.jpg 500w, https:\/\/aeazores.org\/wp-content\/uploads\/2022\/03\/transferir-800x450.jpg 800w, https:\/\/aeazores.org\/wp-content\/uploads\/2022\/03\/transferir-600x338.jpg 600w\" sizes=\"auto, (max-width: 1024px) 100vw, 1024px\" \/>\t\t\t\t\t\t\t\t\t\t\t<figcaption class=\"widget-image-caption wp-caption-text\">Saint Anthony Marches, Lagoa<\/figcaption>\n\t\t\t\t\t\t\t\t\t\t<\/figure>\n\t\t\t\t\t<\/div>\n\t\t\t\t<\/div>\n\t\t\t\t<\/div>\n\t\t\t\t\t<\/div>\n\t\t<\/div>\n\t\t\t\t\t\t\t<\/div>\n\t\t<\/section>\n\t\t\t\t\t\t<\/div>\n\t\t\t\t\t<\/div>\n\t\t","protected":false},"excerpt":{"rendered":"<p>City of Lagoa, island of S\u00e3o Miguel Lagoa is a town and municipality on the south coast of the island of S\u00e3o Miguel with a population of around 14 416 inhabitants, spread over its 5 parishes: Santa Cruz and locality of Rem\u00e9dios, Ros\u00e1rio and locality of Atalhada, Cabouco, \u00c1gua de Pau and locality of Caloura &hellip;<\/p>\n","protected":false},"author":2,"featured_media":19757,"template":"","class_list":["post-19786","publicacoes","type-publicacoes","status-publish","has-post-thumbnail","hentry"],"_links":{"self":[{"href":"https:\/\/aeazores.org\/en\/wp-json\/wp\/v2\/publicacoes\/19786","targetHints":{"allow":["GET"]}}],"collection":[{"href":"https:\/\/aeazores.org\/en\/wp-json\/wp\/v2\/publicacoes"}],"about":[{"href":"https:\/\/aeazores.org\/en\/wp-json\/wp\/v2\/types\/publicacoes"}],"author":[{"embeddable":true,"href":"https:\/\/aeazores.org\/en\/wp-json\/wp\/v2\/users\/2"}],"version-history":[{"count":9,"href":"https:\/\/aeazores.org\/en\/wp-json\/wp\/v2\/publicacoes\/19786\/revisions"}],"predecessor-version":[{"id":20491,"href":"https:\/\/aeazores.org\/en\/wp-json\/wp\/v2\/publicacoes\/19786\/revisions\/20491"}],"wp:featuredmedia":[{"embeddable":true,"href":"https:\/\/aeazores.org\/en\/wp-json\/wp\/v2\/media\/19757"}],"wp:attachment":[{"href":"https:\/\/aeazores.org\/en\/wp-json\/wp\/v2\/media?parent=19786"}],"curies":[{"name":"wp","href":"https:\/\/api.w.org\/{rel}","templated":true}]}}