{"id":14560,"date":"2021-11-02T16:27:27","date_gmt":"2021-11-02T16:27:27","guid":{"rendered":"https:\/\/aeazores.org\/?post_type=publicacoes&#038;p=14560"},"modified":"2021-11-02T16:33:46","modified_gmt":"2021-11-02T16:33:46","slug":"angra-do-heroismo-unesco-world-heritage-site","status":"publish","type":"publicacoes","link":"https:\/\/aeazores.org\/en\/publicacoes\/angra-do-heroismo-unesco-world-heritage-site\/","title":{"rendered":"ANGRA DO HERO\u00cdSMO, UNESCO WORLD HERITAGE SITE"},"content":{"rendered":"\t\t<div data-elementor-type=\"wp-post\" data-elementor-id=\"14560\" class=\"elementor elementor-14560\" data-elementor-settings=\"[]\">\n\t\t\t\t\t\t\t<div class=\"elementor-section-wrap\">\n\t\t\t\t\t\t\t<section class=\"elementor-section elementor-top-section elementor-element elementor-element-2a3ab1f elementor-section-boxed elementor-section-height-default elementor-section-height-default\" data-id=\"2a3ab1f\" data-element_type=\"section\">\n\t\t\t\t\t\t<div class=\"elementor-container elementor-column-gap-default\">\n\t\t\t\t\t<div class=\"elementor-column elementor-col-100 elementor-top-column elementor-element elementor-element-ff8d027\" data-id=\"ff8d027\" data-element_type=\"column\">\n\t\t\t<div class=\"elementor-widget-wrap elementor-element-populated\">\n\t\t\t\t\t\t\t\t<div class=\"elementor-element elementor-element-2f3eb5f elementor-widget elementor-widget-image\" data-id=\"2f3eb5f\" data-element_type=\"widget\" data-widget_type=\"image.default\">\n\t\t\t\t<div class=\"elementor-widget-container\">\n\t\t\t\t\t<div class=\"elementor-image\">\n\t\t\t\t\t\t\t<figure class=\"wp-caption\">\n\t\t\t\t\t\t\t\t\t\t<img loading=\"lazy\" decoding=\"async\" width=\"890\" height=\"592\" src=\"https:\/\/aeazores.org\/wp-content\/uploads\/2021\/10\/angra-do-heroismo-890x592-1.jpg\" class=\"attachment-large size-large\" alt=\"\" srcset=\"https:\/\/aeazores.org\/wp-content\/uploads\/2021\/10\/angra-do-heroismo-890x592-1.jpg 890w, https:\/\/aeazores.org\/wp-content\/uploads\/2021\/10\/angra-do-heroismo-890x592-1-300x200.jpg 300w, https:\/\/aeazores.org\/wp-content\/uploads\/2021\/10\/angra-do-heroismo-890x592-1-768x511.jpg 768w, https:\/\/aeazores.org\/wp-content\/uploads\/2021\/10\/angra-do-heroismo-890x592-1-500x333.jpg 500w, https:\/\/aeazores.org\/wp-content\/uploads\/2021\/10\/angra-do-heroismo-890x592-1-800x532.jpg 800w, https:\/\/aeazores.org\/wp-content\/uploads\/2021\/10\/angra-do-heroismo-890x592-1-600x399.jpg 600w\" sizes=\"auto, (max-width: 890px) 100vw, 890px\" \/>\t\t\t\t\t\t\t\t\t\t\t<figcaption class=\"widget-image-caption wp-caption-text\">City of Angra do Hero\u00edsmo, UNESCO World Heritage Site<\/figcaption>\n\t\t\t\t\t\t\t\t\t\t<\/figure>\n\t\t\t\t\t<\/div>\n\t\t\t\t<\/div>\n\t\t\t\t<\/div>\n\t\t\t\t\t<\/div>\n\t\t<\/div>\n\t\t\t\t\t\t\t<\/div>\n\t\t<\/section>\n\t\t\t\t<section class=\"elementor-section elementor-top-section elementor-element elementor-element-7636443 elementor-section-boxed elementor-section-height-default elementor-section-height-default\" data-id=\"7636443\" data-element_type=\"section\">\n\t\t\t\t\t\t<div class=\"elementor-container elementor-column-gap-default\">\n\t\t\t\t\t<div class=\"elementor-column elementor-col-100 elementor-top-column elementor-element elementor-element-5319ca4\" data-id=\"5319ca4\" data-element_type=\"column\">\n\t\t\t<div class=\"elementor-widget-wrap elementor-element-populated\">\n\t\t\t\t\t\t\t\t<div class=\"elementor-element elementor-element-59fc0ef elementor-widget elementor-widget-text-editor\" data-id=\"59fc0ef\" data-element_type=\"widget\" data-widget_type=\"text-editor.default\">\n\t\t\t\t<div class=\"elementor-widget-container\">\n\t\t\t\t\t<div class=\"elementor-text-editor elementor-clearfix\"><p>The island of Terceira since its beginnings always had an important position in relation to the country, standing out in the political, economic and religious framework of the Azores, which are portrayed in its urbanism, thus contributing to the rich built heritage that the island has, especially the city of Angra do Hero\u00edsmo.<\/p><p>Angra do Hero\u00edsmo, considered World Heritage by UNESCO, has always kept the same urban and built structure of the Historical Centre, with its streets, manor houses, churches, palaces, which have been persevered throughout time until nowadays, distinguishing itself with great patrimonial value in all the Azores archipelago. Among many architectural elements that constitute the vast patrimony of Terceira, the Alto da Mem\u00f3ria in Monte Brasil stands out, where it is possible to observe the entire historical centre of Angra do Hero\u00edsmo, this sumptuous monument is an obelisk that was erected in homage to the passage of D. Pedro IV through Terceira during the Portuguese Civil War, being the first stone for its construction one of those that the emperor stepped on when he landed in 1832. The S\u00e3o Jo\u00e3o Batista fort, also located on Monte Brasil, is a great example of military architecture in the Azores, having been built to defend the city more than 400 years ago.<\/p><\/div>\n\t\t\t\t<\/div>\n\t\t\t\t<\/div>\n\t\t\t\t\t<\/div>\n\t\t<\/div>\n\t\t\t\t\t\t\t<\/div>\n\t\t<\/section>\n\t\t\t\t<section class=\"elementor-section elementor-top-section elementor-element elementor-element-5a6b4ca elementor-section-boxed elementor-section-height-default elementor-section-height-default\" data-id=\"5a6b4ca\" data-element_type=\"section\">\n\t\t\t\t\t\t<div class=\"elementor-container elementor-column-gap-default\">\n\t\t\t\t\t<div class=\"elementor-column elementor-col-50 elementor-top-column elementor-element elementor-element-048c540\" data-id=\"048c540\" data-element_type=\"column\">\n\t\t\t<div class=\"elementor-widget-wrap elementor-element-populated\">\n\t\t\t\t\t\t\t\t<div class=\"elementor-element elementor-element-64f4f8b elementor-widget elementor-widget-image\" data-id=\"64f4f8b\" data-element_type=\"widget\" data-widget_type=\"image.default\">\n\t\t\t\t<div class=\"elementor-widget-container\">\n\t\t\t\t\t<div class=\"elementor-image\">\n\t\t\t\t\t\t\t<figure class=\"wp-caption\">\n\t\t\t\t\t\t\t\t\t\t<img loading=\"lazy\" decoding=\"async\" width=\"750\" height=\"420\" src=\"https:\/\/aeazores.org\/wp-content\/uploads\/2021\/10\/terceira-azores-bundle-deal2.jpg\" class=\"attachment-large size-large\" alt=\"\" srcset=\"https:\/\/aeazores.org\/wp-content\/uploads\/2021\/10\/terceira-azores-bundle-deal2.jpg 750w, https:\/\/aeazores.org\/wp-content\/uploads\/2021\/10\/terceira-azores-bundle-deal2-300x168.jpg 300w, https:\/\/aeazores.org\/wp-content\/uploads\/2021\/10\/terceira-azores-bundle-deal2-500x280.jpg 500w, https:\/\/aeazores.org\/wp-content\/uploads\/2021\/10\/terceira-azores-bundle-deal2-600x336.jpg 600w\" sizes=\"auto, (max-width: 750px) 100vw, 750px\" \/>\t\t\t\t\t\t\t\t\t\t\t<figcaption class=\"widget-image-caption wp-caption-text\">Angra do Hero\u00edsmo, Ilha Terceira<\/figcaption>\n\t\t\t\t\t\t\t\t\t\t<\/figure>\n\t\t\t\t\t<\/div>\n\t\t\t\t<\/div>\n\t\t\t\t<\/div>\n\t\t\t\t\t<\/div>\n\t\t<\/div>\n\t\t\t\t<div class=\"elementor-column elementor-col-50 elementor-top-column elementor-element elementor-element-3a9310c\" data-id=\"3a9310c\" data-element_type=\"column\">\n\t\t\t<div class=\"elementor-widget-wrap elementor-element-populated\">\n\t\t\t\t\t\t\t\t<div class=\"elementor-element elementor-element-d9b1345 elementor-widget elementor-widget-image\" data-id=\"d9b1345\" data-element_type=\"widget\" data-widget_type=\"image.default\">\n\t\t\t\t<div class=\"elementor-widget-container\">\n\t\t\t\t\t<div class=\"elementor-image\">\n\t\t\t\t\t\t\t<figure class=\"wp-caption\">\n\t\t\t\t\t\t\t\t\t\t<img loading=\"lazy\" decoding=\"async\" width=\"220\" height=\"293\" src=\"https:\/\/aeazores.org\/wp-content\/uploads\/2021\/10\/Obelisco-do-Alto-da-Memoria.jpg\" class=\"attachment-large size-large\" alt=\"\" \/>\t\t\t\t\t\t\t\t\t\t\t<figcaption class=\"widget-image-caption wp-caption-text\">Alto da Mem\u00f3ria Obelisk, Angra do Hero\u00edsmo<\/figcaption>\n\t\t\t\t\t\t\t\t\t\t<\/figure>\n\t\t\t\t\t<\/div>\n\t\t\t\t<\/div>\n\t\t\t\t<\/div>\n\t\t\t\t\t<\/div>\n\t\t<\/div>\n\t\t\t\t\t\t\t<\/div>\n\t\t<\/section>\n\t\t\t\t<section class=\"elementor-section elementor-top-section elementor-element elementor-element-ba6e7e9 elementor-section-boxed elementor-section-height-default elementor-section-height-default\" data-id=\"ba6e7e9\" data-element_type=\"section\">\n\t\t\t\t\t\t<div class=\"elementor-container elementor-column-gap-default\">\n\t\t\t\t\t<div class=\"elementor-column elementor-col-50 elementor-top-column elementor-element elementor-element-6510115\" data-id=\"6510115\" data-element_type=\"column\">\n\t\t\t<div class=\"elementor-widget-wrap elementor-element-populated\">\n\t\t\t\t\t\t\t\t<div class=\"elementor-element elementor-element-00e5169 elementor-widget elementor-widget-image\" data-id=\"00e5169\" data-element_type=\"widget\" data-widget_type=\"image.default\">\n\t\t\t\t<div class=\"elementor-widget-container\">\n\t\t\t\t\t<div class=\"elementor-image\">\n\t\t\t\t\t\t\t<figure class=\"wp-caption\">\n\t\t\t\t\t\t\t\t\t\t<img loading=\"lazy\" decoding=\"async\" width=\"660\" height=\"370\" src=\"https:\/\/aeazores.org\/wp-content\/uploads\/2021\/10\/forte-sao-joao-batista.jpg\" class=\"attachment-large size-large\" alt=\"\" srcset=\"https:\/\/aeazores.org\/wp-content\/uploads\/2021\/10\/forte-sao-joao-batista.jpg 660w, https:\/\/aeazores.org\/wp-content\/uploads\/2021\/10\/forte-sao-joao-batista-300x168.jpg 300w, https:\/\/aeazores.org\/wp-content\/uploads\/2021\/10\/forte-sao-joao-batista-500x280.jpg 500w, https:\/\/aeazores.org\/wp-content\/uploads\/2021\/10\/forte-sao-joao-batista-600x336.jpg 600w\" sizes=\"auto, (max-width: 660px) 100vw, 660px\" \/>\t\t\t\t\t\t\t\t\t\t\t<figcaption class=\"widget-image-caption wp-caption-text\">Fort of S\u00e3o Jo\u00e3o Batista, Monte Brasil, Angra do Hero\u00edsmo<\/figcaption>\n\t\t\t\t\t\t\t\t\t\t<\/figure>\n\t\t\t\t\t<\/div>\n\t\t\t\t<\/div>\n\t\t\t\t<\/div>\n\t\t\t\t\t<\/div>\n\t\t<\/div>\n\t\t\t\t<div class=\"elementor-column elementor-col-50 elementor-top-column elementor-element elementor-element-2edba5e\" data-id=\"2edba5e\" data-element_type=\"column\">\n\t\t\t<div class=\"elementor-widget-wrap elementor-element-populated\">\n\t\t\t\t\t\t\t\t<div class=\"elementor-element elementor-element-31bd2aa elementor-widget elementor-widget-image\" data-id=\"31bd2aa\" data-element_type=\"widget\" data-widget_type=\"image.default\">\n\t\t\t\t<div class=\"elementor-widget-container\">\n\t\t\t\t\t<div class=\"elementor-image\">\n\t\t\t\t\t\t\t<figure class=\"wp-caption\">\n\t\t\t\t\t\t\t\t\t\t<img loading=\"lazy\" decoding=\"async\" width=\"1024\" height=\"575\" src=\"https:\/\/aeazores.org\/wp-content\/uploads\/2021\/10\/fortaleza-sao-joao-batista-1024x575.jpg\" class=\"attachment-large size-large\" alt=\"\" srcset=\"https:\/\/aeazores.org\/wp-content\/uploads\/2021\/10\/fortaleza-sao-joao-batista-1024x575.jpg 1024w, https:\/\/aeazores.org\/wp-content\/uploads\/2021\/10\/fortaleza-sao-joao-batista-300x168.jpg 300w, https:\/\/aeazores.org\/wp-content\/uploads\/2021\/10\/fortaleza-sao-joao-batista-768x431.jpg 768w, https:\/\/aeazores.org\/wp-content\/uploads\/2021\/10\/fortaleza-sao-joao-batista-500x281.jpg 500w, https:\/\/aeazores.org\/wp-content\/uploads\/2021\/10\/fortaleza-sao-joao-batista-800x449.jpg 800w, https:\/\/aeazores.org\/wp-content\/uploads\/2021\/10\/fortaleza-sao-joao-batista-1280x719.jpg 1280w, https:\/\/aeazores.org\/wp-content\/uploads\/2021\/10\/fortaleza-sao-joao-batista-1920x1078.jpg 1920w, https:\/\/aeazores.org\/wp-content\/uploads\/2021\/10\/fortaleza-sao-joao-batista-1536x863.jpg 1536w, https:\/\/aeazores.org\/wp-content\/uploads\/2021\/10\/fortaleza-sao-joao-batista-600x337.jpg 600w, https:\/\/aeazores.org\/wp-content\/uploads\/2021\/10\/fortaleza-sao-joao-batista.jpg 2048w\" sizes=\"auto, (max-width: 1024px) 100vw, 1024px\" \/>\t\t\t\t\t\t\t\t\t\t\t<figcaption class=\"widget-image-caption wp-caption-text\">Fort of S\u00e3o Jo\u00e3o Batista, Monte Brasil, Angra do Hero\u00edsmo<\/figcaption>\n\t\t\t\t\t\t\t\t\t\t<\/figure>\n\t\t\t\t\t<\/div>\n\t\t\t\t<\/div>\n\t\t\t\t<\/div>\n\t\t\t\t\t<\/div>\n\t\t<\/div>\n\t\t\t\t\t\t\t<\/div>\n\t\t<\/section>\n\t\t\t\t<section class=\"elementor-section elementor-top-section elementor-element elementor-element-1e480db elementor-section-boxed elementor-section-height-default elementor-section-height-default\" data-id=\"1e480db\" data-element_type=\"section\">\n\t\t\t\t\t\t<div class=\"elementor-container elementor-column-gap-default\">\n\t\t\t\t\t<div class=\"elementor-column elementor-col-100 elementor-top-column elementor-element elementor-element-fcd3861\" data-id=\"fcd3861\" data-element_type=\"column\">\n\t\t\t<div class=\"elementor-widget-wrap elementor-element-populated\">\n\t\t\t\t\t\t\t\t<div class=\"elementor-element elementor-element-121977e elementor-widget elementor-widget-text-editor\" data-id=\"121977e\" data-element_type=\"widget\" data-widget_type=\"text-editor.default\">\n\t\t\t\t<div class=\"elementor-widget-container\">\n\t\t\t\t\t<div class=\"elementor-text-editor elementor-clearfix\"><p>In the other municipality of the island, Praia da Vit\u00f3ria, the &#8220;Casa do Ramo Grande&#8221; architecture stands out, through the rural houses, characterised by the use of stone slabs and meticulously worked stonework.<\/p><\/div>\n\t\t\t\t<\/div>\n\t\t\t\t<\/div>\n\t\t\t\t\t<\/div>\n\t\t<\/div>\n\t\t\t\t\t\t\t<\/div>\n\t\t<\/section>\n\t\t\t\t<section class=\"elementor-section elementor-top-section elementor-element elementor-element-852dc0d elementor-section-boxed elementor-section-height-default elementor-section-height-default\" data-id=\"852dc0d\" data-element_type=\"section\">\n\t\t\t\t\t\t<div class=\"elementor-container elementor-column-gap-default\">\n\t\t\t\t\t<div class=\"elementor-column elementor-col-50 elementor-top-column elementor-element elementor-element-dea26c9\" data-id=\"dea26c9\" data-element_type=\"column\">\n\t\t\t<div class=\"elementor-widget-wrap elementor-element-populated\">\n\t\t\t\t\t\t\t\t<div class=\"elementor-element elementor-element-a7a42d8 elementor-widget elementor-widget-image\" data-id=\"a7a42d8\" data-element_type=\"widget\" data-widget_type=\"image.default\">\n\t\t\t\t<div class=\"elementor-widget-container\">\n\t\t\t\t\t<div class=\"elementor-image\">\n\t\t\t\t\t\t\t<figure class=\"wp-caption\">\n\t\t\t\t\t\t\t\t\t\t<img loading=\"lazy\" decoding=\"async\" width=\"1024\" height=\"478\" src=\"https:\/\/aeazores.org\/wp-content\/uploads\/2021\/10\/casas-do-ramo-grande-2-1024x478.jpg\" class=\"attachment-large size-large\" alt=\"\" srcset=\"https:\/\/aeazores.org\/wp-content\/uploads\/2021\/10\/casas-do-ramo-grande-2-1024x478.jpg 1024w, https:\/\/aeazores.org\/wp-content\/uploads\/2021\/10\/casas-do-ramo-grande-2-300x140.jpg 300w, https:\/\/aeazores.org\/wp-content\/uploads\/2021\/10\/casas-do-ramo-grande-2-768x358.jpg 768w, https:\/\/aeazores.org\/wp-content\/uploads\/2021\/10\/casas-do-ramo-grande-2-500x233.jpg 500w, https:\/\/aeazores.org\/wp-content\/uploads\/2021\/10\/casas-do-ramo-grande-2-800x373.jpg 800w, https:\/\/aeazores.org\/wp-content\/uploads\/2021\/10\/casas-do-ramo-grande-2-600x280.jpg 600w, https:\/\/aeazores.org\/wp-content\/uploads\/2021\/10\/casas-do-ramo-grande-2.jpg 1100w\" sizes=\"auto, (max-width: 1024px) 100vw, 1024px\" \/>\t\t\t\t\t\t\t\t\t\t\t<figcaption class=\"widget-image-caption wp-caption-text\">Typical house in Ramo Grande, Terceira island<\/figcaption>\n\t\t\t\t\t\t\t\t\t\t<\/figure>\n\t\t\t\t\t<\/div>\n\t\t\t\t<\/div>\n\t\t\t\t<\/div>\n\t\t\t\t\t<\/div>\n\t\t<\/div>\n\t\t\t\t<div class=\"elementor-column elementor-col-50 elementor-top-column elementor-element elementor-element-7d7549e\" data-id=\"7d7549e\" data-element_type=\"column\">\n\t\t\t<div class=\"elementor-widget-wrap elementor-element-populated\">\n\t\t\t\t\t\t\t\t<div class=\"elementor-element elementor-element-2b892a0 elementor-widget elementor-widget-image\" data-id=\"2b892a0\" data-element_type=\"widget\" data-widget_type=\"image.default\">\n\t\t\t\t<div class=\"elementor-widget-container\">\n\t\t\t\t\t<div class=\"elementor-image\">\n\t\t\t\t\t\t\t<figure class=\"wp-caption\">\n\t\t\t\t\t\t\t\t\t\t<img loading=\"lazy\" decoding=\"async\" width=\"573\" height=\"361\" src=\"https:\/\/aeazores.org\/wp-content\/uploads\/2021\/10\/casas-do-ramo-grande.jpg\" class=\"attachment-large size-large\" alt=\"\" srcset=\"https:\/\/aeazores.org\/wp-content\/uploads\/2021\/10\/casas-do-ramo-grande.jpg 573w, https:\/\/aeazores.org\/wp-content\/uploads\/2021\/10\/casas-do-ramo-grande-300x189.jpg 300w, https:\/\/aeazores.org\/wp-content\/uploads\/2021\/10\/casas-do-ramo-grande-500x315.jpg 500w\" sizes=\"auto, (max-width: 573px) 100vw, 573px\" \/>\t\t\t\t\t\t\t\t\t\t\t<figcaption class=\"widget-image-caption wp-caption-text\">Ramo Grande House (old photo)<\/figcaption>\n\t\t\t\t\t\t\t\t\t\t<\/figure>\n\t\t\t\t\t<\/div>\n\t\t\t\t<\/div>\n\t\t\t\t<\/div>\n\t\t\t\t\t<\/div>\n\t\t<\/div>\n\t\t\t\t\t\t\t<\/div>\n\t\t<\/section>\n\t\t\t\t<section class=\"elementor-section elementor-top-section elementor-element elementor-element-8dc797b elementor-section-boxed elementor-section-height-default elementor-section-height-default\" data-id=\"8dc797b\" data-element_type=\"section\">\n\t\t\t\t\t\t<div class=\"elementor-container elementor-column-gap-default\">\n\t\t\t\t\t<div class=\"elementor-column elementor-col-100 elementor-top-column elementor-element elementor-element-4cad4f1\" data-id=\"4cad4f1\" data-element_type=\"column\">\n\t\t\t<div class=\"elementor-widget-wrap elementor-element-populated\">\n\t\t\t\t\t\t\t\t<div class=\"elementor-element elementor-element-c9cc901 elementor-widget elementor-widget-text-editor\" data-id=\"c9cc901\" data-element_type=\"widget\" data-widget_type=\"text-editor.default\">\n\t\t\t\t<div class=\"elementor-widget-container\">\n\t\t\t\t\t<div class=\"elementor-text-editor elementor-clearfix\"><p>Throughout the Terceira island, the worship of the Divine Holy Spirit is celebrated, reflected in the architecture of its &#8220;Imp\u00e9rios&#8221;. The &#8220;Imp\u00e9rios&#8221; of the Divine Holy Spirit are small temples of unique typology that exist practically in every street of Terceira, where the Holy Spirit is venerated. These small buildings of great significance are distinguished by the garish colours of its fa\u00e7ade, thus constituting an integral part of the brand image of the island.<\/p><\/div>\n\t\t\t\t<\/div>\n\t\t\t\t<\/div>\n\t\t\t\t\t<\/div>\n\t\t<\/div>\n\t\t\t\t\t\t\t<\/div>\n\t\t<\/section>\n\t\t\t\t<section class=\"elementor-section elementor-top-section elementor-element elementor-element-dac8cab elementor-section-boxed elementor-section-height-default elementor-section-height-default\" data-id=\"dac8cab\" data-element_type=\"section\">\n\t\t\t\t\t\t<div class=\"elementor-container elementor-column-gap-default\">\n\t\t\t\t\t<div class=\"elementor-column elementor-col-50 elementor-top-column elementor-element elementor-element-f35d33c\" data-id=\"f35d33c\" data-element_type=\"column\">\n\t\t\t<div class=\"elementor-widget-wrap elementor-element-populated\">\n\t\t\t\t\t\t\t\t<div class=\"elementor-element elementor-element-b29f1ab elementor-widget elementor-widget-image\" data-id=\"b29f1ab\" data-element_type=\"widget\" data-widget_type=\"image.default\">\n\t\t\t\t<div class=\"elementor-widget-container\">\n\t\t\t\t\t<div class=\"elementor-image\">\n\t\t\t\t\t\t\t<figure class=\"wp-caption\">\n\t\t\t\t\t\t\t\t\t\t<img loading=\"lazy\" decoding=\"async\" width=\"326\" height=\"480\" src=\"https:\/\/aeazores.org\/wp-content\/uploads\/2021\/10\/Imperio-1.jpg\" class=\"attachment-large size-large\" alt=\"\" srcset=\"https:\/\/aeazores.org\/wp-content\/uploads\/2021\/10\/Imperio-1.jpg 326w, https:\/\/aeazores.org\/wp-content\/uploads\/2021\/10\/Imperio-1-204x300.jpg 204w, https:\/\/aeazores.org\/wp-content\/uploads\/2021\/10\/Imperio-1-300x442.jpg 300w\" sizes=\"auto, (max-width: 326px) 100vw, 326px\" \/>\t\t\t\t\t\t\t\t\t\t\t<figcaption class=\"widget-image-caption wp-caption-text\">\"Empire\" of Terceira island<\/figcaption>\n\t\t\t\t\t\t\t\t\t\t<\/figure>\n\t\t\t\t\t<\/div>\n\t\t\t\t<\/div>\n\t\t\t\t<\/div>\n\t\t\t\t\t<\/div>\n\t\t<\/div>\n\t\t\t\t<div class=\"elementor-column elementor-col-50 elementor-top-column elementor-element elementor-element-18841e6\" data-id=\"18841e6\" data-element_type=\"column\">\n\t\t\t<div class=\"elementor-widget-wrap elementor-element-populated\">\n\t\t\t\t\t\t\t\t<div class=\"elementor-element elementor-element-f71b0e3 elementor-widget elementor-widget-image\" data-id=\"f71b0e3\" data-element_type=\"widget\" data-widget_type=\"image.default\">\n\t\t\t\t<div class=\"elementor-widget-container\">\n\t\t\t\t\t<div class=\"elementor-image\">\n\t\t\t\t\t\t\t<figure class=\"wp-caption\">\n\t\t\t\t\t\t\t\t\t\t<img loading=\"lazy\" decoding=\"async\" width=\"753\" height=\"1024\" src=\"https:\/\/aeazores.org\/wp-content\/uploads\/2021\/10\/122926d3a7a6fc621c8581c262750dd3-753x1024.jpg\" class=\"attachment-large size-large\" alt=\"\" srcset=\"https:\/\/aeazores.org\/wp-content\/uploads\/2021\/10\/122926d3a7a6fc621c8581c262750dd3-753x1024.jpg 753w, https:\/\/aeazores.org\/wp-content\/uploads\/2021\/10\/122926d3a7a6fc621c8581c262750dd3-221x300.jpg 221w, https:\/\/aeazores.org\/wp-content\/uploads\/2021\/10\/122926d3a7a6fc621c8581c262750dd3-768x1045.jpg 768w, https:\/\/aeazores.org\/wp-content\/uploads\/2021\/10\/122926d3a7a6fc621c8581c262750dd3-368x500.jpg 368w, https:\/\/aeazores.org\/wp-content\/uploads\/2021\/10\/122926d3a7a6fc621c8581c262750dd3-588x800.jpg 588w, https:\/\/aeazores.org\/wp-content\/uploads\/2021\/10\/122926d3a7a6fc621c8581c262750dd3-941x1280.jpg 941w, https:\/\/aeazores.org\/wp-content\/uploads\/2021\/10\/122926d3a7a6fc621c8581c262750dd3-1412x1920.jpg 1412w, https:\/\/aeazores.org\/wp-content\/uploads\/2021\/10\/122926d3a7a6fc621c8581c262750dd3-1129x1536.jpg 1129w, https:\/\/aeazores.org\/wp-content\/uploads\/2021\/10\/122926d3a7a6fc621c8581c262750dd3-300x408.jpg 300w, https:\/\/aeazores.org\/wp-content\/uploads\/2021\/10\/122926d3a7a6fc621c8581c262750dd3-600x816.jpg 600w, https:\/\/aeazores.org\/wp-content\/uploads\/2021\/10\/122926d3a7a6fc621c8581c262750dd3.jpg 1472w\" sizes=\"auto, (max-width: 753px) 100vw, 753px\" \/>\t\t\t\t\t\t\t\t\t\t\t<figcaption class=\"widget-image-caption wp-caption-text\">\"Empire\" of Terceira island<\/figcaption>\n\t\t\t\t\t\t\t\t\t\t<\/figure>\n\t\t\t\t\t<\/div>\n\t\t\t\t<\/div>\n\t\t\t\t<\/div>\n\t\t\t\t\t<\/div>\n\t\t<\/div>\n\t\t\t\t\t\t\t<\/div>\n\t\t<\/section>\n\t\t\t\t<section class=\"elementor-section elementor-top-section elementor-element elementor-element-b76fc99 elementor-section-boxed elementor-section-height-default elementor-section-height-default\" data-id=\"b76fc99\" data-element_type=\"section\">\n\t\t\t\t\t\t<div class=\"elementor-container elementor-column-gap-default\">\n\t\t\t\t\t<div class=\"elementor-column elementor-col-100 elementor-top-column elementor-element elementor-element-a50a06d\" data-id=\"a50a06d\" data-element_type=\"column\">\n\t\t\t<div class=\"elementor-widget-wrap elementor-element-populated\">\n\t\t\t\t\t\t\t\t<div class=\"elementor-element elementor-element-123c249 elementor-widget elementor-widget-text-editor\" data-id=\"123c249\" data-element_type=\"widget\" data-widget_type=\"text-editor.default\">\n\t\t\t\t<div class=\"elementor-widget-container\">\n\t\t\t\t\t<div class=\"elementor-text-editor elementor-clearfix\"><p>In this religious context, the churches, hermitages, convents, as architectonic structures, also stand out for their robust architecture and, like the &#8220;Empires&#8221;, have a facade with very garish colours, we have the example of the Cathedral, the Church of S\u00e3o Gon\u00e7alo, the Church of Miseric\u00f3rdia, the Church of Santa Beatriz, in the parish of Quatro Ribeiras, in Praia da Vit\u00f3ria, being the first church to be built in the island, although it had suffered remodeling throughout the years.<\/p><\/div>\n\t\t\t\t<\/div>\n\t\t\t\t<\/div>\n\t\t\t\t\t<\/div>\n\t\t<\/div>\n\t\t\t\t\t\t\t<\/div>\n\t\t<\/section>\n\t\t\t\t<section class=\"elementor-section elementor-top-section elementor-element elementor-element-ffea029 elementor-section-boxed elementor-section-height-default elementor-section-height-default\" data-id=\"ffea029\" data-element_type=\"section\">\n\t\t\t\t\t\t<div class=\"elementor-container elementor-column-gap-default\">\n\t\t\t\t\t<div class=\"elementor-column elementor-col-33 elementor-top-column elementor-element elementor-element-3c586fa\" data-id=\"3c586fa\" data-element_type=\"column\">\n\t\t\t<div class=\"elementor-widget-wrap elementor-element-populated\">\n\t\t\t\t\t\t\t\t<div class=\"elementor-element elementor-element-cbf5edc elementor-widget elementor-widget-image\" data-id=\"cbf5edc\" data-element_type=\"widget\" data-widget_type=\"image.default\">\n\t\t\t\t<div class=\"elementor-widget-container\">\n\t\t\t\t\t<div class=\"elementor-image\">\n\t\t\t\t\t\t\t<figure class=\"wp-caption\">\n\t\t\t\t\t\t\t\t\t\t<img loading=\"lazy\" decoding=\"async\" width=\"650\" height=\"432\" src=\"https:\/\/aeazores.org\/wp-content\/uploads\/2021\/10\/Se-Catedral.jpg\" class=\"attachment-large size-large\" alt=\"\" srcset=\"https:\/\/aeazores.org\/wp-content\/uploads\/2021\/10\/Se-Catedral.jpg 650w, https:\/\/aeazores.org\/wp-content\/uploads\/2021\/10\/Se-Catedral-300x199.jpg 300w, https:\/\/aeazores.org\/wp-content\/uploads\/2021\/10\/Se-Catedral-500x332.jpg 500w, https:\/\/aeazores.org\/wp-content\/uploads\/2021\/10\/Se-Catedral-600x399.jpg 600w\" sizes=\"auto, (max-width: 650px) 100vw, 650px\" \/>\t\t\t\t\t\t\t\t\t\t\t<figcaption class=\"widget-image-caption wp-caption-text\">Angra Cathedral<\/figcaption>\n\t\t\t\t\t\t\t\t\t\t<\/figure>\n\t\t\t\t\t<\/div>\n\t\t\t\t<\/div>\n\t\t\t\t<\/div>\n\t\t\t\t\t<\/div>\n\t\t<\/div>\n\t\t\t\t<div class=\"elementor-column elementor-col-33 elementor-top-column elementor-element elementor-element-c67c7c0\" data-id=\"c67c7c0\" data-element_type=\"column\">\n\t\t\t<div class=\"elementor-widget-wrap elementor-element-populated\">\n\t\t\t\t\t\t\t\t<div class=\"elementor-element elementor-element-3920753 elementor-widget elementor-widget-image\" data-id=\"3920753\" data-element_type=\"widget\" data-widget_type=\"image.default\">\n\t\t\t\t<div class=\"elementor-widget-container\">\n\t\t\t\t\t<div class=\"elementor-image\">\n\t\t\t\t\t\t\t<figure class=\"wp-caption\">\n\t\t\t\t\t\t\t\t\t\t<img loading=\"lazy\" decoding=\"async\" width=\"500\" height=\"333\" src=\"https:\/\/aeazores.org\/wp-content\/uploads\/2021\/10\/Igreja-da-Misericordia.jpg\" class=\"attachment-large size-large\" alt=\"\" srcset=\"https:\/\/aeazores.org\/wp-content\/uploads\/2021\/10\/Igreja-da-Misericordia.jpg 500w, https:\/\/aeazores.org\/wp-content\/uploads\/2021\/10\/Igreja-da-Misericordia-300x200.jpg 300w\" sizes=\"auto, (max-width: 500px) 100vw, 500px\" \/>\t\t\t\t\t\t\t\t\t\t\t<figcaption class=\"widget-image-caption wp-caption-text\">Miseric\u00f3rdia Church, Angra do Hero\u00edsmo<\/figcaption>\n\t\t\t\t\t\t\t\t\t\t<\/figure>\n\t\t\t\t\t<\/div>\n\t\t\t\t<\/div>\n\t\t\t\t<\/div>\n\t\t\t\t\t<\/div>\n\t\t<\/div>\n\t\t\t\t<div class=\"elementor-column elementor-col-33 elementor-top-column elementor-element elementor-element-d2a20c5\" data-id=\"d2a20c5\" data-element_type=\"column\">\n\t\t\t<div class=\"elementor-widget-wrap elementor-element-populated\">\n\t\t\t\t\t\t\t\t<div class=\"elementor-element elementor-element-1a673c5 elementor-widget elementor-widget-image\" data-id=\"1a673c5\" data-element_type=\"widget\" data-widget_type=\"image.default\">\n\t\t\t\t<div class=\"elementor-widget-container\">\n\t\t\t\t\t<div class=\"elementor-image\">\n\t\t\t\t\t\t\t<figure class=\"wp-caption\">\n\t\t\t\t\t\t\t\t\t\t<img loading=\"lazy\" decoding=\"async\" width=\"1024\" height=\"768\" src=\"https:\/\/aeazores.org\/wp-content\/uploads\/2021\/10\/Igreja_de_Santa_Beatriz_Quatro_Ribeiras_Praia_da_Vito\u0301ria_ilha_Terceira_Ac\u0327ores-1024x768.jpeg\" class=\"attachment-large size-large\" alt=\"\" srcset=\"https:\/\/aeazores.org\/wp-content\/uploads\/2021\/10\/Igreja_de_Santa_Beatriz_Quatro_Ribeiras_Praia_da_Vito\u0301ria_ilha_Terceira_Ac\u0327ores-1024x768.jpeg 1024w, https:\/\/aeazores.org\/wp-content\/uploads\/2021\/10\/Igreja_de_Santa_Beatriz_Quatro_Ribeiras_Praia_da_Vito\u0301ria_ilha_Terceira_Ac\u0327ores-300x225.jpeg 300w, https:\/\/aeazores.org\/wp-content\/uploads\/2021\/10\/Igreja_de_Santa_Beatriz_Quatro_Ribeiras_Praia_da_Vito\u0301ria_ilha_Terceira_Ac\u0327ores-768x576.jpeg 768w, https:\/\/aeazores.org\/wp-content\/uploads\/2021\/10\/Igreja_de_Santa_Beatriz_Quatro_Ribeiras_Praia_da_Vito\u0301ria_ilha_Terceira_Ac\u0327ores-500x375.jpeg 500w, https:\/\/aeazores.org\/wp-content\/uploads\/2021\/10\/Igreja_de_Santa_Beatriz_Quatro_Ribeiras_Praia_da_Vito\u0301ria_ilha_Terceira_Ac\u0327ores-800x600.jpeg 800w, https:\/\/aeazores.org\/wp-content\/uploads\/2021\/10\/Igreja_de_Santa_Beatriz_Quatro_Ribeiras_Praia_da_Vito\u0301ria_ilha_Terceira_Ac\u0327ores-1280x960.jpeg 1280w, https:\/\/aeazores.org\/wp-content\/uploads\/2021\/10\/Igreja_de_Santa_Beatriz_Quatro_Ribeiras_Praia_da_Vito\u0301ria_ilha_Terceira_Ac\u0327ores-1920x1440.jpeg 1920w, https:\/\/aeazores.org\/wp-content\/uploads\/2021\/10\/Igreja_de_Santa_Beatriz_Quatro_Ribeiras_Praia_da_Vito\u0301ria_ilha_Terceira_Ac\u0327ores-1536x1152.jpeg 1536w, https:\/\/aeazores.org\/wp-content\/uploads\/2021\/10\/Igreja_de_Santa_Beatriz_Quatro_Ribeiras_Praia_da_Vito\u0301ria_ilha_Terceira_Ac\u0327ores-600x450.jpeg 600w, https:\/\/aeazores.org\/wp-content\/uploads\/2021\/10\/Igreja_de_Santa_Beatriz_Quatro_Ribeiras_Praia_da_Vito\u0301ria_ilha_Terceira_Ac\u0327ores.jpeg 2048w\" sizes=\"auto, (max-width: 1024px) 100vw, 1024px\" \/>\t\t\t\t\t\t\t\t\t\t\t<figcaption class=\"widget-image-caption wp-caption-text\">Santa Beatriz Church, Quatro Ribeiras.<\/figcaption>\n\t\t\t\t\t\t\t\t\t\t<\/figure>\n\t\t\t\t\t<\/div>\n\t\t\t\t<\/div>\n\t\t\t\t<\/div>\n\t\t\t\t\t<\/div>\n\t\t<\/div>\n\t\t\t\t\t\t\t<\/div>\n\t\t<\/section>\n\t\t\t\t<section class=\"elementor-section elementor-top-section elementor-element elementor-element-781eb85 elementor-section-boxed elementor-section-height-default elementor-section-height-default\" data-id=\"781eb85\" data-element_type=\"section\">\n\t\t\t\t\t\t<div class=\"elementor-container elementor-column-gap-default\">\n\t\t\t\t\t<div class=\"elementor-column elementor-col-100 elementor-top-column elementor-element elementor-element-01d8c4e\" data-id=\"01d8c4e\" data-element_type=\"column\">\n\t\t\t<div class=\"elementor-widget-wrap elementor-element-populated\">\n\t\t\t\t\t\t\t\t<div class=\"elementor-element elementor-element-03ac30f elementor-widget elementor-widget-text-editor\" data-id=\"03ac30f\" data-element_type=\"widget\" data-widget_type=\"text-editor.default\">\n\t\t\t\t<div class=\"elementor-widget-container\">\n\t\t\t\t\t<div class=\"elementor-text-editor elementor-clearfix\"><p>As for the palaces, museums and other monuments and buildings that fall within the context of civil architecture, these also have the same architectural features as churches, we have thus, the Palace of the Captains General, Bettencourt Palace, Pa\u00e7os do Conselho, Solar and Chapel of Nossa Senhora dos Rem\u00e9dios, which was built by P\u00earo Anes do Canto, to serve as his residence and as Providence of the Armed Forces. Currently, it is in the possession of the Regional Government of the Azores, serving as its secretariat. The Pra\u00e7a de Touros, in Angra do Hero\u00edsmo, is also another example of Terceira island&#8217;s characteristic civil architecture and the stage of a great tradition that reigns in this island, the bullfights.<\/p><\/div>\n\t\t\t\t<\/div>\n\t\t\t\t<\/div>\n\t\t\t\t\t<\/div>\n\t\t<\/div>\n\t\t\t\t\t\t\t<\/div>\n\t\t<\/section>\n\t\t\t\t<section class=\"elementor-section elementor-top-section elementor-element elementor-element-f0cc07e elementor-section-boxed elementor-section-height-default elementor-section-height-default\" data-id=\"f0cc07e\" data-element_type=\"section\">\n\t\t\t\t\t\t<div class=\"elementor-container elementor-column-gap-default\">\n\t\t\t\t\t<div class=\"elementor-column elementor-col-33 elementor-top-column elementor-element elementor-element-43482b6\" data-id=\"43482b6\" data-element_type=\"column\">\n\t\t\t<div class=\"elementor-widget-wrap elementor-element-populated\">\n\t\t\t\t\t\t\t\t<div class=\"elementor-element elementor-element-6741589 elementor-widget elementor-widget-image\" data-id=\"6741589\" data-element_type=\"widget\" data-widget_type=\"image.default\">\n\t\t\t\t<div class=\"elementor-widget-container\">\n\t\t\t\t\t<div class=\"elementor-image\">\n\t\t\t\t\t\t\t<figure class=\"wp-caption\">\n\t\t\t\t\t\t\t\t\t\t<img loading=\"lazy\" decoding=\"async\" width=\"950\" height=\"713\" src=\"https:\/\/aeazores.org\/wp-content\/uploads\/2021\/10\/Palacio-dos-Capitaes-Generais-Angra-do-Heroismo.jpg\" class=\"attachment-large size-large\" alt=\"\" srcset=\"https:\/\/aeazores.org\/wp-content\/uploads\/2021\/10\/Palacio-dos-Capitaes-Generais-Angra-do-Heroismo.jpg 950w, https:\/\/aeazores.org\/wp-content\/uploads\/2021\/10\/Palacio-dos-Capitaes-Generais-Angra-do-Heroismo-300x225.jpg 300w, https:\/\/aeazores.org\/wp-content\/uploads\/2021\/10\/Palacio-dos-Capitaes-Generais-Angra-do-Heroismo-768x576.jpg 768w, https:\/\/aeazores.org\/wp-content\/uploads\/2021\/10\/Palacio-dos-Capitaes-Generais-Angra-do-Heroismo-500x375.jpg 500w, https:\/\/aeazores.org\/wp-content\/uploads\/2021\/10\/Palacio-dos-Capitaes-Generais-Angra-do-Heroismo-800x600.jpg 800w, https:\/\/aeazores.org\/wp-content\/uploads\/2021\/10\/Palacio-dos-Capitaes-Generais-Angra-do-Heroismo-600x450.jpg 600w\" sizes=\"auto, (max-width: 950px) 100vw, 950px\" \/>\t\t\t\t\t\t\t\t\t\t\t<figcaption class=\"widget-image-caption wp-caption-text\">General Captains Palace, Angra do Hero\u00edsmo<\/figcaption>\n\t\t\t\t\t\t\t\t\t\t<\/figure>\n\t\t\t\t\t<\/div>\n\t\t\t\t<\/div>\n\t\t\t\t<\/div>\n\t\t\t\t\t<\/div>\n\t\t<\/div>\n\t\t\t\t<div class=\"elementor-column elementor-col-33 elementor-top-column elementor-element elementor-element-ced772f\" data-id=\"ced772f\" data-element_type=\"column\">\n\t\t\t<div class=\"elementor-widget-wrap elementor-element-populated\">\n\t\t\t\t\t\t\t\t<div class=\"elementor-element elementor-element-1c9bd9d elementor-widget elementor-widget-image\" data-id=\"1c9bd9d\" data-element_type=\"widget\" data-widget_type=\"image.default\">\n\t\t\t\t<div class=\"elementor-widget-container\">\n\t\t\t\t\t<div class=\"elementor-image\">\n\t\t\t\t\t\t\t<figure class=\"wp-caption\">\n\t\t\t\t\t\t\t\t\t\t<img loading=\"lazy\" decoding=\"async\" width=\"550\" height=\"413\" src=\"https:\/\/aeazores.org\/wp-content\/uploads\/2021\/10\/pacos-do-concelho-angra.jpg\" class=\"attachment-large size-large\" alt=\"\" srcset=\"https:\/\/aeazores.org\/wp-content\/uploads\/2021\/10\/pacos-do-concelho-angra.jpg 550w, https:\/\/aeazores.org\/wp-content\/uploads\/2021\/10\/pacos-do-concelho-angra-300x225.jpg 300w, https:\/\/aeazores.org\/wp-content\/uploads\/2021\/10\/pacos-do-concelho-angra-500x375.jpg 500w\" sizes=\"auto, (max-width: 550px) 100vw, 550px\" \/>\t\t\t\t\t\t\t\t\t\t\t<figcaption class=\"widget-image-caption wp-caption-text\">Council Chambers, Angra do Hero\u00edsmo<\/figcaption>\n\t\t\t\t\t\t\t\t\t\t<\/figure>\n\t\t\t\t\t<\/div>\n\t\t\t\t<\/div>\n\t\t\t\t<\/div>\n\t\t\t\t\t<\/div>\n\t\t<\/div>\n\t\t\t\t<div class=\"elementor-column elementor-col-33 elementor-top-column elementor-element elementor-element-e0814ad\" data-id=\"e0814ad\" data-element_type=\"column\">\n\t\t\t<div class=\"elementor-widget-wrap elementor-element-populated\">\n\t\t\t\t\t\t\t\t<div class=\"elementor-element elementor-element-336aa16 elementor-widget elementor-widget-image\" data-id=\"336aa16\" data-element_type=\"widget\" data-widget_type=\"image.default\">\n\t\t\t\t<div class=\"elementor-widget-container\">\n\t\t\t\t\t<div class=\"elementor-image\">\n\t\t\t\t\t\t\t<figure class=\"wp-caption\">\n\t\t\t\t\t\t\t\t\t\t<img loading=\"lazy\" decoding=\"async\" width=\"1024\" height=\"768\" src=\"https:\/\/aeazores.org\/wp-content\/uploads\/2021\/10\/Praca-de-touros1.jpg\" class=\"attachment-large size-large\" alt=\"\" srcset=\"https:\/\/aeazores.org\/wp-content\/uploads\/2021\/10\/Praca-de-touros1.jpg 1024w, https:\/\/aeazores.org\/wp-content\/uploads\/2021\/10\/Praca-de-touros1-300x225.jpg 300w, https:\/\/aeazores.org\/wp-content\/uploads\/2021\/10\/Praca-de-touros1-768x576.jpg 768w, https:\/\/aeazores.org\/wp-content\/uploads\/2021\/10\/Praca-de-touros1-500x375.jpg 500w, https:\/\/aeazores.org\/wp-content\/uploads\/2021\/10\/Praca-de-touros1-800x600.jpg 800w, https:\/\/aeazores.org\/wp-content\/uploads\/2021\/10\/Praca-de-touros1-600x450.jpg 600w\" sizes=\"auto, (max-width: 1024px) 100vw, 1024px\" \/>\t\t\t\t\t\t\t\t\t\t\t<figcaption class=\"widget-image-caption wp-caption-text\">Pra\u00e7a de Touros, Angra do Hero\u00edsmo<\/figcaption>\n\t\t\t\t\t\t\t\t\t\t<\/figure>\n\t\t\t\t\t<\/div>\n\t\t\t\t<\/div>\n\t\t\t\t<\/div>\n\t\t\t\t\t<\/div>\n\t\t<\/div>\n\t\t\t\t\t\t\t<\/div>\n\t\t<\/section>\n\t\t\t\t<section class=\"elementor-section elementor-top-section elementor-element elementor-element-f4de5d5 elementor-section-boxed elementor-section-height-default elementor-section-height-default\" data-id=\"f4de5d5\" data-element_type=\"section\">\n\t\t\t\t\t\t<div class=\"elementor-container elementor-column-gap-default\">\n\t\t\t\t\t<div class=\"elementor-column elementor-col-100 elementor-top-column elementor-element elementor-element-ccfdc17\" data-id=\"ccfdc17\" data-element_type=\"column\">\n\t\t\t<div class=\"elementor-widget-wrap elementor-element-populated\">\n\t\t\t\t\t\t\t\t<div class=\"elementor-element elementor-element-be4eaf0 elementor-widget elementor-widget-text-editor\" data-id=\"be4eaf0\" data-element_type=\"widget\" data-widget_type=\"text-editor.default\">\n\t\t\t\t<div class=\"elementor-widget-container\">\n\t\t\t\t\t<div class=\"elementor-text-editor elementor-clearfix\"><p>Handicrafts have become an integral part of Terceira&#8217;s heritage, thanks to the embroidery in white or red linen, the colourful woollen bedspreads made on manual looms and also thanks to the various works in pottery and wickerwork.<\/p><\/div>\n\t\t\t\t<\/div>\n\t\t\t\t<\/div>\n\t\t\t\t\t<\/div>\n\t\t<\/div>\n\t\t\t\t\t\t\t<\/div>\n\t\t<\/section>\n\t\t\t\t<section class=\"elementor-section elementor-top-section elementor-element elementor-element-8f7dfbf elementor-section-boxed elementor-section-height-default elementor-section-height-default\" data-id=\"8f7dfbf\" data-element_type=\"section\">\n\t\t\t\t\t\t<div class=\"elementor-container elementor-column-gap-default\">\n\t\t\t\t\t<div class=\"elementor-column elementor-col-50 elementor-top-column elementor-element elementor-element-f757238\" data-id=\"f757238\" data-element_type=\"column\">\n\t\t\t<div class=\"elementor-widget-wrap elementor-element-populated\">\n\t\t\t\t\t\t\t\t<div class=\"elementor-element elementor-element-adfdb0a elementor-widget elementor-widget-image\" data-id=\"adfdb0a\" data-element_type=\"widget\" data-widget_type=\"image.default\">\n\t\t\t\t<div class=\"elementor-widget-container\">\n\t\t\t\t\t<div class=\"elementor-image\">\n\t\t\t\t\t\t\t<figure class=\"wp-caption\">\n\t\t\t\t\t\t\t\t\t\t<img loading=\"lazy\" decoding=\"async\" width=\"872\" height=\"588\" src=\"https:\/\/aeazores.org\/wp-content\/uploads\/2021\/10\/bordado-da-terceira-2.jpg\" class=\"attachment-large size-large\" alt=\"\" srcset=\"https:\/\/aeazores.org\/wp-content\/uploads\/2021\/10\/bordado-da-terceira-2.jpg 872w, https:\/\/aeazores.org\/wp-content\/uploads\/2021\/10\/bordado-da-terceira-2-300x202.jpg 300w, https:\/\/aeazores.org\/wp-content\/uploads\/2021\/10\/bordado-da-terceira-2-768x518.jpg 768w, https:\/\/aeazores.org\/wp-content\/uploads\/2021\/10\/bordado-da-terceira-2-500x337.jpg 500w, https:\/\/aeazores.org\/wp-content\/uploads\/2021\/10\/bordado-da-terceira-2-800x539.jpg 800w, https:\/\/aeazores.org\/wp-content\/uploads\/2021\/10\/bordado-da-terceira-2-600x405.jpg 600w\" sizes=\"auto, (max-width: 872px) 100vw, 872px\" \/>\t\t\t\t\t\t\t\t\t\t\t<figcaption class=\"widget-image-caption wp-caption-text\">Linen embroidery from Terceira island<\/figcaption>\n\t\t\t\t\t\t\t\t\t\t<\/figure>\n\t\t\t\t\t<\/div>\n\t\t\t\t<\/div>\n\t\t\t\t<\/div>\n\t\t\t\t\t<\/div>\n\t\t<\/div>\n\t\t\t\t<div class=\"elementor-column elementor-col-50 elementor-top-column elementor-element elementor-element-0f2594e\" data-id=\"0f2594e\" data-element_type=\"column\">\n\t\t\t<div class=\"elementor-widget-wrap elementor-element-populated\">\n\t\t\t\t\t\t\t\t<div class=\"elementor-element elementor-element-11a9a35 elementor-widget elementor-widget-image\" data-id=\"11a9a35\" data-element_type=\"widget\" data-widget_type=\"image.default\">\n\t\t\t\t<div class=\"elementor-widget-container\">\n\t\t\t\t\t<div class=\"elementor-image\">\n\t\t\t\t\t\t\t<figure class=\"wp-caption\">\n\t\t\t\t\t\t\t\t\t\t<img loading=\"lazy\" decoding=\"async\" width=\"240\" height=\"320\" src=\"https:\/\/aeazores.org\/wp-content\/uploads\/2021\/10\/27705_132713153406053_100000021070218_391795_8223933_s.jpg\" class=\"attachment-large size-large\" alt=\"\" srcset=\"https:\/\/aeazores.org\/wp-content\/uploads\/2021\/10\/27705_132713153406053_100000021070218_391795_8223933_s.jpg 240w, https:\/\/aeazores.org\/wp-content\/uploads\/2021\/10\/27705_132713153406053_100000021070218_391795_8223933_s-225x300.jpg 225w\" sizes=\"auto, (max-width: 240px) 100vw, 240px\" \/>\t\t\t\t\t\t\t\t\t\t\t<figcaption class=\"widget-image-caption wp-caption-text\">Wicker basket making<\/figcaption>\n\t\t\t\t\t\t\t\t\t\t<\/figure>\n\t\t\t\t\t<\/div>\n\t\t\t\t<\/div>\n\t\t\t\t<\/div>\n\t\t\t\t\t<\/div>\n\t\t<\/div>\n\t\t\t\t\t\t\t<\/div>\n\t\t<\/section>\n\t\t\t\t\t\t<\/div>\n\t\t\t\t\t<\/div>\n\t\t","protected":false},"excerpt":{"rendered":"<p>City of Angra do Hero\u00edsmo, UNESCO World Heritage Site The island of Terceira since its beginnings always had an important position in relation to the country, standing out in the political, economic and religious framework of the Azores, which are portrayed in its urbanism, thus contributing to the rich built heritage that the island has, &hellip;<\/p>\n","protected":false},"author":2,"featured_media":13262,"template":"","class_list":["post-14560","publicacoes","type-publicacoes","status-publish","has-post-thumbnail","hentry"],"_links":{"self":[{"href":"https:\/\/aeazores.org\/en\/wp-json\/wp\/v2\/publicacoes\/14560","targetHints":{"allow":["GET"]}}],"collection":[{"href":"https:\/\/aeazores.org\/en\/wp-json\/wp\/v2\/publicacoes"}],"about":[{"href":"https:\/\/aeazores.org\/en\/wp-json\/wp\/v2\/types\/publicacoes"}],"author":[{"embeddable":true,"href":"https:\/\/aeazores.org\/en\/wp-json\/wp\/v2\/users\/2"}],"version-history":[{"count":4,"href":"https:\/\/aeazores.org\/en\/wp-json\/wp\/v2\/publicacoes\/14560\/revisions"}],"predecessor-version":[{"id":14564,"href":"https:\/\/aeazores.org\/en\/wp-json\/wp\/v2\/publicacoes\/14560\/revisions\/14564"}],"wp:featuredmedia":[{"embeddable":true,"href":"https:\/\/aeazores.org\/en\/wp-json\/wp\/v2\/media\/13262"}],"wp:attachment":[{"href":"https:\/\/aeazores.org\/en\/wp-json\/wp\/v2\/media?parent=14560"}],"curies":[{"name":"wp","href":"https:\/\/api.w.org\/{rel}","templated":true}]}}