{"id":16814,"date":"2022-01-04T16:52:52","date_gmt":"2022-01-04T16:52:52","guid":{"rendered":"https:\/\/aeazores.org\/?post_type=cp_diaspora&#038;p=16814"},"modified":"2022-01-04T17:03:10","modified_gmt":"2022-01-04T17:03:10","slug":"the-first-azorean-emigrants-to-go-to-canada","status":"publish","type":"cp_diaspora","link":"https:\/\/aeazores.org\/en\/cp_diaspora\/the-first-azorean-emigrants-to-go-to-canada\/","title":{"rendered":"THE FIRST AZOREAN EMIGRANTS TO GO TO CANADA!"},"content":{"rendered":"\t\t<div data-elementor-type=\"wp-post\" data-elementor-id=\"16814\" class=\"elementor elementor-16814\" data-elementor-settings=\"[]\">\n\t\t\t\t\t\t\t<div class=\"elementor-section-wrap\">\n\t\t\t\t\t\t\t<section class=\"elementor-section elementor-top-section elementor-element elementor-element-d0f6eb5 elementor-section-boxed elementor-section-height-default elementor-section-height-default\" data-id=\"d0f6eb5\" data-element_type=\"section\">\n\t\t\t\t\t\t<div class=\"elementor-container elementor-column-gap-default\">\n\t\t\t\t\t<div class=\"elementor-column elementor-col-100 elementor-top-column elementor-element elementor-element-20c7b78\" data-id=\"20c7b78\" data-element_type=\"column\">\n\t\t\t<div class=\"elementor-widget-wrap elementor-element-populated\">\n\t\t\t\t\t\t\t\t<div class=\"elementor-element elementor-element-7d3eab1 elementor-widget elementor-widget-image\" data-id=\"7d3eab1\" data-element_type=\"widget\" data-widget_type=\"image.default\">\n\t\t\t\t<div class=\"elementor-widget-container\">\n\t\t\t\t\t<div class=\"elementor-image\">\n\t\t\t\t\t\t\t<figure class=\"wp-caption\">\n\t\t\t\t\t\t\t\t\t\t<img loading=\"lazy\" decoding=\"async\" width=\"1024\" height=\"576\" src=\"https:\/\/aeazores.org\/wp-content\/uploads\/2022\/01\/canada-1-1024x576.jpg\" class=\"attachment-large size-large\" alt=\"\" srcset=\"https:\/\/aeazores.org\/wp-content\/uploads\/2022\/01\/canada-1-1024x576.jpg 1024w, https:\/\/aeazores.org\/wp-content\/uploads\/2022\/01\/canada-1-300x169.jpg 300w, https:\/\/aeazores.org\/wp-content\/uploads\/2022\/01\/canada-1-768x432.jpg 768w, https:\/\/aeazores.org\/wp-content\/uploads\/2022\/01\/canada-1-500x281.jpg 500w, https:\/\/aeazores.org\/wp-content\/uploads\/2022\/01\/canada-1-800x450.jpg 800w, https:\/\/aeazores.org\/wp-content\/uploads\/2022\/01\/canada-1-600x338.jpg 600w, https:\/\/aeazores.org\/wp-content\/uploads\/2022\/01\/canada-1.jpg 1200w\" sizes=\"auto, (max-width: 1024px) 100vw, 1024px\" \/>\t\t\t\t\t\t\t\t\t\t\t<figcaption class=\"widget-image-caption wp-caption-text\">Flag of Canada<\/figcaption>\n\t\t\t\t\t\t\t\t\t\t<\/figure>\n\t\t\t\t\t<\/div>\n\t\t\t\t<\/div>\n\t\t\t\t<\/div>\n\t\t\t\t\t<\/div>\n\t\t<\/div>\n\t\t\t\t\t\t\t<\/div>\n\t\t<\/section>\n\t\t\t\t<section class=\"elementor-section elementor-top-section elementor-element elementor-element-54270bc elementor-section-boxed elementor-section-height-default elementor-section-height-default\" data-id=\"54270bc\" data-element_type=\"section\">\n\t\t\t\t\t\t<div class=\"elementor-container elementor-column-gap-default\">\n\t\t\t\t\t<div class=\"elementor-column elementor-col-50 elementor-top-column elementor-element elementor-element-f24474c\" data-id=\"f24474c\" data-element_type=\"column\">\n\t\t\t<div class=\"elementor-widget-wrap elementor-element-populated\">\n\t\t\t\t\t\t\t\t<div class=\"elementor-element elementor-element-844c04d elementor-widget elementor-widget-text-editor\" data-id=\"844c04d\" data-element_type=\"widget\" data-widget_type=\"text-editor.default\">\n\t\t\t\t<div class=\"elementor-widget-container\">\n\t\t\t\t\t<div class=\"elementor-text-editor elementor-clearfix\"><p>From 1953 onwards Portugal started to supply Canada with labour. Due to the economic problems as well as the excess of population in the islands, emigrating abroad was a solution and for the Estado Novo it was a way to export a problem!<\/p><p>The Azoreans saw Canada as a great opportunity due to the fact that until 1965 it was very difficult to emigrate to the United States because of the restricted immigration laws by quotas. The first Portuguese emigrants went to Canada in May 1953 and came from the Azores, Madeira and mainland Portugal. On May 13 of the same year 18 Azoreans arrived in Canada!<\/p><\/div>\n\t\t\t\t<\/div>\n\t\t\t\t<\/div>\n\t\t\t\t\t<\/div>\n\t\t<\/div>\n\t\t\t\t<div class=\"elementor-column elementor-col-50 elementor-top-column elementor-element elementor-element-18df357\" data-id=\"18df357\" data-element_type=\"column\">\n\t\t\t<div class=\"elementor-widget-wrap elementor-element-populated\">\n\t\t\t\t\t\t\t\t<div class=\"elementor-element elementor-element-9050a41 elementor-widget elementor-widget-image\" data-id=\"9050a41\" data-element_type=\"widget\" data-widget_type=\"image.default\">\n\t\t\t\t<div class=\"elementor-widget-container\">\n\t\t\t\t\t<div class=\"elementor-image\">\n\t\t\t\t\t\t\t<figure class=\"wp-caption\">\n\t\t\t\t\t\t\t\t\t\t<img loading=\"lazy\" decoding=\"async\" width=\"800\" height=\"692\" src=\"https:\/\/aeazores.org\/wp-content\/uploads\/2022\/01\/800px-Political_map_of_Canada_pt.png\" class=\"attachment-large size-large\" alt=\"\" srcset=\"https:\/\/aeazores.org\/wp-content\/uploads\/2022\/01\/800px-Political_map_of_Canada_pt.png 800w, https:\/\/aeazores.org\/wp-content\/uploads\/2022\/01\/800px-Political_map_of_Canada_pt-300x260.png 300w, https:\/\/aeazores.org\/wp-content\/uploads\/2022\/01\/800px-Political_map_of_Canada_pt-768x664.png 768w, https:\/\/aeazores.org\/wp-content\/uploads\/2022\/01\/800px-Political_map_of_Canada_pt-500x433.png 500w, https:\/\/aeazores.org\/wp-content\/uploads\/2022\/01\/800px-Political_map_of_Canada_pt-600x519.png 600w\" sizes=\"auto, (max-width: 800px) 100vw, 800px\" \/>\t\t\t\t\t\t\t\t\t\t\t<figcaption class=\"widget-image-caption wp-caption-text\">Map of Canada where it is possible to see the provinces where the Azoreans settled more: Quebec, Ontario and Manitoba.<\/figcaption>\n\t\t\t\t\t\t\t\t\t\t<\/figure>\n\t\t\t\t\t<\/div>\n\t\t\t\t<\/div>\n\t\t\t\t<\/div>\n\t\t\t\t\t<\/div>\n\t\t<\/div>\n\t\t\t\t\t\t\t<\/div>\n\t\t<\/section>\n\t\t\t\t<section class=\"elementor-section elementor-top-section elementor-element elementor-element-21167e8 elementor-section-boxed elementor-section-height-default elementor-section-height-default\" data-id=\"21167e8\" data-element_type=\"section\">\n\t\t\t\t\t\t<div class=\"elementor-container elementor-column-gap-default\">\n\t\t\t\t\t<div class=\"elementor-column elementor-col-100 elementor-top-column elementor-element elementor-element-e0bc62c\" data-id=\"e0bc62c\" data-element_type=\"column\">\n\t\t\t<div class=\"elementor-widget-wrap elementor-element-populated\">\n\t\t\t\t\t\t\t\t<div class=\"elementor-element elementor-element-5f6b904 elementor-widget elementor-widget-image\" data-id=\"5f6b904\" data-element_type=\"widget\" data-widget_type=\"image.default\">\n\t\t\t\t<div class=\"elementor-widget-container\">\n\t\t\t\t\t<div class=\"elementor-image\">\n\t\t\t\t\t\t\t<figure class=\"wp-caption\">\n\t\t\t\t\t\t\t\t\t\t<img loading=\"lazy\" decoding=\"async\" width=\"1024\" height=\"823\" src=\"https:\/\/aeazores.org\/wp-content\/uploads\/2022\/01\/Nova-Imagem-de-Mapa-de-Bits_Easy-Resize.com-1-1024x823.jpg\" class=\"attachment-large size-large\" alt=\"\" srcset=\"https:\/\/aeazores.org\/wp-content\/uploads\/2022\/01\/Nova-Imagem-de-Mapa-de-Bits_Easy-Resize.com-1-1024x823.jpg 1024w, https:\/\/aeazores.org\/wp-content\/uploads\/2022\/01\/Nova-Imagem-de-Mapa-de-Bits_Easy-Resize.com-1-300x241.jpg 300w, https:\/\/aeazores.org\/wp-content\/uploads\/2022\/01\/Nova-Imagem-de-Mapa-de-Bits_Easy-Resize.com-1-768x617.jpg 768w, https:\/\/aeazores.org\/wp-content\/uploads\/2022\/01\/Nova-Imagem-de-Mapa-de-Bits_Easy-Resize.com-1-500x402.jpg 500w, https:\/\/aeazores.org\/wp-content\/uploads\/2022\/01\/Nova-Imagem-de-Mapa-de-Bits_Easy-Resize.com-1-800x643.jpg 800w, https:\/\/aeazores.org\/wp-content\/uploads\/2022\/01\/Nova-Imagem-de-Mapa-de-Bits_Easy-Resize.com-1-600x482.jpg 600w, https:\/\/aeazores.org\/wp-content\/uploads\/2022\/01\/Nova-Imagem-de-Mapa-de-Bits_Easy-Resize.com-1.jpg 1280w\" sizes=\"auto, (max-width: 1024px) 100vw, 1024px\" \/>\t\t\t\t\t\t\t\t\t\t\t<figcaption class=\"widget-image-caption wp-caption-text\">Azorean pioneers of emigration to Canada. Front row (left to right: Evaristo Almeida (Atalhada, Lagoa), Jos\u00e9 da Silva (St. Cruz, Lagoa), Jos\u00e9 Bento (Achadinha, Nordeste), Ant\u00f3nio do Couto (S. Pedro de Nordestino, Nordeste), Constantino Carvalho (Feteira, Ponta Delgada), Manuel Machado (Furnas, Povoa\u00e7\u00e3o), Guilherme Cabral (Matriz, Ribeira Grande) and Jaime Pacheco (Pedreira, Nordeste). Second row (left to right): Armando Vieira (\u00c1gua de Pau, Lagoa), Afonso Tavares (Rabo de Peixe, Ribeira Grande), \u00c9nio Vasconcelos (Salga, Ribeira Grande), Jo\u00e3o Martins (S.Br\u00e1s, Ribeira Grande), Manuel Arruda (Bretanha, Ponta Delgada) and Manuel Vieira (\u00c1gua de Pau, Lagoa). Third row (left to right): Vasco Moreira (Faj\u00e3 de Cima, Ponta Delgada), Jos\u00e9 Martins (Feteiras, Ponta Delgada), Dr. M\u00e1rio Ferreira da Costa (Immigration Inspector), Manuel Pav\u00e3o (Candel\u00e1ria, Ponta Delgada) and Vitorino Castro (Feteiras, Ponta Delgada). <\/figcaption>\n\t\t\t\t\t\t\t\t\t\t<\/figure>\n\t\t\t\t\t<\/div>\n\t\t\t\t<\/div>\n\t\t\t\t<\/div>\n\t\t\t\t\t<\/div>\n\t\t<\/div>\n\t\t\t\t\t\t\t<\/div>\n\t\t<\/section>\n\t\t\t\t<section class=\"elementor-section elementor-top-section elementor-element elementor-element-d65e5fa elementor-section-boxed elementor-section-height-default elementor-section-height-default\" data-id=\"d65e5fa\" data-element_type=\"section\">\n\t\t\t\t\t\t<div class=\"elementor-container elementor-column-gap-default\">\n\t\t\t\t\t<div class=\"elementor-column elementor-col-100 elementor-top-column elementor-element elementor-element-87e1001\" data-id=\"87e1001\" data-element_type=\"column\">\n\t\t\t<div class=\"elementor-widget-wrap elementor-element-populated\">\n\t\t\t\t\t\t\t\t<div class=\"elementor-element elementor-element-9c67eb9 elementor-widget elementor-widget-text-editor\" data-id=\"9c67eb9\" data-element_type=\"widget\" data-widget_type=\"text-editor.default\">\n\t\t\t\t<div class=\"elementor-widget-container\">\n\t\t\t\t\t<div class=\"elementor-text-editor elementor-clearfix\"><p>These Azoreans went to Canada by boat, namely on the Saturnia ship! In the 60&#8217;s of the 20th century, in some years as well as in the 70&#8217;s, 80&#8217;s and 90&#8217;s, the number of emigrants to Canada was higher than the emigration to the USA!<\/p><\/div>\n\t\t\t\t<\/div>\n\t\t\t\t<\/div>\n\t\t\t\t\t<\/div>\n\t\t<\/div>\n\t\t\t\t\t\t\t<\/div>\n\t\t<\/section>\n\t\t\t\t<section class=\"elementor-section elementor-top-section elementor-element elementor-element-ecf7bd0 elementor-section-boxed elementor-section-height-default elementor-section-height-default\" data-id=\"ecf7bd0\" data-element_type=\"section\">\n\t\t\t\t\t\t<div class=\"elementor-container elementor-column-gap-default\">\n\t\t\t\t\t<div class=\"elementor-column elementor-col-50 elementor-top-column elementor-element elementor-element-c176928\" data-id=\"c176928\" data-element_type=\"column\">\n\t\t\t<div class=\"elementor-widget-wrap elementor-element-populated\">\n\t\t\t\t\t\t\t\t<div class=\"elementor-element elementor-element-77266a6 elementor-widget elementor-widget-image\" data-id=\"77266a6\" data-element_type=\"widget\" data-widget_type=\"image.default\">\n\t\t\t\t<div class=\"elementor-widget-container\">\n\t\t\t\t\t<div class=\"elementor-image\">\n\t\t\t\t\t\t\t<figure class=\"wp-caption\">\n\t\t\t\t\t\t\t\t\t\t<img loading=\"lazy\" decoding=\"async\" width=\"1024\" height=\"768\" src=\"https:\/\/aeazores.org\/wp-content\/uploads\/2022\/01\/maquete-do-Saturnia-1024x768.jpg\" class=\"attachment-large size-large\" alt=\"\" srcset=\"https:\/\/aeazores.org\/wp-content\/uploads\/2022\/01\/maquete-do-Saturnia-1024x768.jpg 1024w, https:\/\/aeazores.org\/wp-content\/uploads\/2022\/01\/maquete-do-Saturnia-300x225.jpg 300w, https:\/\/aeazores.org\/wp-content\/uploads\/2022\/01\/maquete-do-Saturnia-768x576.jpg 768w, https:\/\/aeazores.org\/wp-content\/uploads\/2022\/01\/maquete-do-Saturnia-500x375.jpg 500w, https:\/\/aeazores.org\/wp-content\/uploads\/2022\/01\/maquete-do-Saturnia-800x600.jpg 800w, https:\/\/aeazores.org\/wp-content\/uploads\/2022\/01\/maquete-do-Saturnia-1280x960.jpg 1280w, https:\/\/aeazores.org\/wp-content\/uploads\/2022\/01\/maquete-do-Saturnia-1920x1440.jpg 1920w, https:\/\/aeazores.org\/wp-content\/uploads\/2022\/01\/maquete-do-Saturnia-1536x1152.jpg 1536w, https:\/\/aeazores.org\/wp-content\/uploads\/2022\/01\/maquete-do-Saturnia-600x450.jpg 600w, https:\/\/aeazores.org\/wp-content\/uploads\/2022\/01\/maquete-do-Saturnia.jpg 2000w\" sizes=\"auto, (max-width: 1024px) 100vw, 1024px\" \/>\t\t\t\t\t\t\t\t\t\t\t<figcaption class=\"widget-image-caption wp-caption-text\">Model of the ship Saturnia that took the first Azorean emigrants to Canada. Given by the pioneer emigrant Afonso Maria Tavares to the Museum of Azorean Emigration.<\/figcaption>\n\t\t\t\t\t\t\t\t\t\t<\/figure>\n\t\t\t\t\t<\/div>\n\t\t\t\t<\/div>\n\t\t\t\t<\/div>\n\t\t\t\t\t<\/div>\n\t\t<\/div>\n\t\t\t\t<div class=\"elementor-column elementor-col-50 elementor-top-column elementor-element elementor-element-80a58d5\" data-id=\"80a58d5\" data-element_type=\"column\">\n\t\t\t<div class=\"elementor-widget-wrap elementor-element-populated\">\n\t\t\t\t\t\t\t\t<div class=\"elementor-element elementor-element-4379d18 elementor-widget elementor-widget-image\" data-id=\"4379d18\" data-element_type=\"widget\" data-widget_type=\"image.default\">\n\t\t\t\t<div class=\"elementor-widget-container\">\n\t\t\t\t\t<div class=\"elementor-image\">\n\t\t\t\t\t\t\t<figure class=\"wp-caption\">\n\t\t\t\t\t\t\t\t\t\t<img loading=\"lazy\" decoding=\"async\" width=\"644\" height=\"380\" src=\"https:\/\/aeazores.org\/wp-content\/uploads\/2022\/01\/grafico.bmp\" class=\"attachment-large size-large\" alt=\"\" \/>\t\t\t\t\t\t\t\t\t\t\t<figcaption class=\"widget-image-caption wp-caption-text\">Graph with the percentages of Azorean emigrants to the USA, Canada, Bermuda and others.<\/figcaption>\n\t\t\t\t\t\t\t\t\t\t<\/figure>\n\t\t\t\t\t<\/div>\n\t\t\t\t<\/div>\n\t\t\t\t<\/div>\n\t\t\t\t\t<\/div>\n\t\t<\/div>\n\t\t\t\t\t\t\t<\/div>\n\t\t<\/section>\n\t\t\t\t<section class=\"elementor-section elementor-top-section elementor-element elementor-element-a534923 elementor-section-boxed elementor-section-height-default elementor-section-height-default\" data-id=\"a534923\" data-element_type=\"section\">\n\t\t\t\t\t\t<div class=\"elementor-container elementor-column-gap-default\">\n\t\t\t\t\t<div class=\"elementor-column elementor-col-100 elementor-top-column elementor-element elementor-element-3794a90\" data-id=\"3794a90\" data-element_type=\"column\">\n\t\t\t<div class=\"elementor-widget-wrap elementor-element-populated\">\n\t\t\t\t\t\t\t\t<div class=\"elementor-element elementor-element-c77b9ca elementor-widget elementor-widget-text-editor\" data-id=\"c77b9ca\" data-element_type=\"widget\" data-widget_type=\"text-editor.default\">\n\t\t\t\t<div class=\"elementor-widget-container\">\n\t\t\t\t\t<div class=\"elementor-text-editor elementor-clearfix\"><p>Due to the Azorean presence in Canada nowadays there are 3 Azorean houses in Canada, namely in places where Azoreans settled, Montreal in Quebec, Toronto in Ontario and Manitoba in Winnipeg.<\/p><\/div>\n\t\t\t\t<\/div>\n\t\t\t\t<\/div>\n\t\t\t\t\t<\/div>\n\t\t<\/div>\n\t\t\t\t\t\t\t<\/div>\n\t\t<\/section>\n\t\t\t\t<section class=\"elementor-section elementor-top-section elementor-element elementor-element-e620d52 elementor-section-boxed elementor-section-height-default elementor-section-height-default\" data-id=\"e620d52\" data-element_type=\"section\">\n\t\t\t\t\t\t<div class=\"elementor-container elementor-column-gap-default\">\n\t\t\t\t\t<div class=\"elementor-column elementor-col-50 elementor-top-column elementor-element elementor-element-05ba115\" data-id=\"05ba115\" data-element_type=\"column\">\n\t\t\t<div class=\"elementor-widget-wrap elementor-element-populated\">\n\t\t\t\t\t\t\t\t<div class=\"elementor-element elementor-element-eeeccb4 elementor-widget elementor-widget-image\" data-id=\"eeeccb4\" data-element_type=\"widget\" data-widget_type=\"image.default\">\n\t\t\t\t<div class=\"elementor-widget-container\">\n\t\t\t\t\t<div class=\"elementor-image\">\n\t\t\t\t\t\t\t<figure class=\"wp-caption\">\n\t\t\t\t\t\t\t\t\t\t<img loading=\"lazy\" decoding=\"async\" width=\"508\" height=\"476\" src=\"https:\/\/aeazores.org\/wp-content\/uploads\/2022\/01\/Fachada1.jpg\" class=\"attachment-large size-large\" alt=\"\" srcset=\"https:\/\/aeazores.org\/wp-content\/uploads\/2022\/01\/Fachada1.jpg 508w, https:\/\/aeazores.org\/wp-content\/uploads\/2022\/01\/Fachada1-300x281.jpg 300w, https:\/\/aeazores.org\/wp-content\/uploads\/2022\/01\/Fachada1-500x469.jpg 500w\" sizes=\"auto, (max-width: 508px) 100vw, 508px\" \/>\t\t\t\t\t\t\t\t\t\t\t<figcaption class=\"widget-image-caption wp-caption-text\">House of the Azores of Quebec<\/figcaption>\n\t\t\t\t\t\t\t\t\t\t<\/figure>\n\t\t\t\t\t<\/div>\n\t\t\t\t<\/div>\n\t\t\t\t<\/div>\n\t\t\t\t\t<\/div>\n\t\t<\/div>\n\t\t\t\t<div class=\"elementor-column elementor-col-50 elementor-top-column elementor-element elementor-element-4a31c55\" data-id=\"4a31c55\" data-element_type=\"column\">\n\t\t\t<div class=\"elementor-widget-wrap elementor-element-populated\">\n\t\t\t\t\t\t\t\t<div class=\"elementor-element elementor-element-2d94d6c elementor-widget elementor-widget-image\" data-id=\"2d94d6c\" data-element_type=\"widget\" data-widget_type=\"image.default\">\n\t\t\t\t<div class=\"elementor-widget-container\">\n\t\t\t\t\t<div class=\"elementor-image\">\n\t\t\t\t\t\t\t<figure class=\"wp-caption\">\n\t\t\t\t\t\t\t\t\t\t<img loading=\"lazy\" decoding=\"async\" width=\"1023\" height=\"768\" src=\"https:\/\/aeazores.org\/wp-content\/uploads\/2022\/01\/P1000994.jpg\" class=\"attachment-large size-large\" alt=\"\" srcset=\"https:\/\/aeazores.org\/wp-content\/uploads\/2022\/01\/P1000994.jpg 1023w, https:\/\/aeazores.org\/wp-content\/uploads\/2022\/01\/P1000994-300x225.jpg 300w, https:\/\/aeazores.org\/wp-content\/uploads\/2022\/01\/P1000994-768x577.jpg 768w, https:\/\/aeazores.org\/wp-content\/uploads\/2022\/01\/P1000994-500x375.jpg 500w, https:\/\/aeazores.org\/wp-content\/uploads\/2022\/01\/P1000994-800x601.jpg 800w, https:\/\/aeazores.org\/wp-content\/uploads\/2022\/01\/P1000994-600x450.jpg 600w\" sizes=\"auto, (max-width: 1023px) 100vw, 1023px\" \/>\t\t\t\t\t\t\t\t\t\t\t<figcaption class=\"widget-image-caption wp-caption-text\">House of the Azores, Quebec<\/figcaption>\n\t\t\t\t\t\t\t\t\t\t<\/figure>\n\t\t\t\t\t<\/div>\n\t\t\t\t<\/div>\n\t\t\t\t<\/div>\n\t\t\t\t\t<\/div>\n\t\t<\/div>\n\t\t\t\t\t\t\t<\/div>\n\t\t<\/section>\n\t\t\t\t<section class=\"elementor-section elementor-top-section elementor-element elementor-element-7f6b3d0 elementor-section-boxed elementor-section-height-default elementor-section-height-default\" data-id=\"7f6b3d0\" data-element_type=\"section\">\n\t\t\t\t\t\t<div class=\"elementor-container elementor-column-gap-default\">\n\t\t\t\t\t<div class=\"elementor-column elementor-col-33 elementor-top-column elementor-element elementor-element-ef706fc\" data-id=\"ef706fc\" data-element_type=\"column\">\n\t\t\t<div class=\"elementor-widget-wrap elementor-element-populated\">\n\t\t\t\t\t\t\t\t<div class=\"elementor-element elementor-element-cd69ee1 elementor-widget elementor-widget-image\" data-id=\"cd69ee1\" data-element_type=\"widget\" data-widget_type=\"image.default\">\n\t\t\t\t<div class=\"elementor-widget-container\">\n\t\t\t\t\t<div class=\"elementor-image\">\n\t\t\t\t\t\t\t<figure class=\"wp-caption\">\n\t\t\t\t\t\t\t\t\t\t<img loading=\"lazy\" decoding=\"async\" width=\"1024\" height=\"1024\" src=\"https:\/\/aeazores.org\/wp-content\/uploads\/2022\/01\/winni-1024x1024.jpg\" class=\"attachment-large size-large\" alt=\"\" srcset=\"https:\/\/aeazores.org\/wp-content\/uploads\/2022\/01\/winni-1024x1024.jpg 1024w, https:\/\/aeazores.org\/wp-content\/uploads\/2022\/01\/winni-300x300.jpg 300w, https:\/\/aeazores.org\/wp-content\/uploads\/2022\/01\/winni-150x150.jpg 150w, https:\/\/aeazores.org\/wp-content\/uploads\/2022\/01\/winni-768x768.jpg 768w, https:\/\/aeazores.org\/wp-content\/uploads\/2022\/01\/winni-500x500.jpg 500w, https:\/\/aeazores.org\/wp-content\/uploads\/2022\/01\/winni-800x800.jpg 800w, https:\/\/aeazores.org\/wp-content\/uploads\/2022\/01\/winni-60x60.jpg 60w, https:\/\/aeazores.org\/wp-content\/uploads\/2022\/01\/winni-600x600.jpg 600w, https:\/\/aeazores.org\/wp-content\/uploads\/2022\/01\/winni-100x100.jpg 100w, https:\/\/aeazores.org\/wp-content\/uploads\/2022\/01\/winni.jpg 1281w\" sizes=\"auto, (max-width: 1024px) 100vw, 1024px\" \/>\t\t\t\t\t\t\t\t\t\t\t<figcaption class=\"widget-image-caption wp-caption-text\">House of the Azores in Winnipeg, Manitoba<\/figcaption>\n\t\t\t\t\t\t\t\t\t\t<\/figure>\n\t\t\t\t\t<\/div>\n\t\t\t\t<\/div>\n\t\t\t\t<\/div>\n\t\t\t\t\t<\/div>\n\t\t<\/div>\n\t\t\t\t<div class=\"elementor-column elementor-col-33 elementor-top-column elementor-element elementor-element-924bba0\" data-id=\"924bba0\" data-element_type=\"column\">\n\t\t\t<div class=\"elementor-widget-wrap elementor-element-populated\">\n\t\t\t\t\t\t\t\t<div class=\"elementor-element elementor-element-0c653d2 elementor-widget elementor-widget-image\" data-id=\"0c653d2\" data-element_type=\"widget\" data-widget_type=\"image.default\">\n\t\t\t\t<div class=\"elementor-widget-container\">\n\t\t\t\t\t<div class=\"elementor-image\">\n\t\t\t\t\t\t\t<figure class=\"wp-caption\">\n\t\t\t\t\t\t\t\t\t\t<img loading=\"lazy\" decoding=\"async\" width=\"1024\" height=\"768\" src=\"https:\/\/aeazores.org\/wp-content\/uploads\/2022\/01\/75593868_10156375789891493_719036439416799232_o-1024x768.jpg\" class=\"attachment-large size-large\" alt=\"\" srcset=\"https:\/\/aeazores.org\/wp-content\/uploads\/2022\/01\/75593868_10156375789891493_719036439416799232_o-1024x768.jpg 1024w, https:\/\/aeazores.org\/wp-content\/uploads\/2022\/01\/75593868_10156375789891493_719036439416799232_o-300x225.jpg 300w, https:\/\/aeazores.org\/wp-content\/uploads\/2022\/01\/75593868_10156375789891493_719036439416799232_o-768x576.jpg 768w, https:\/\/aeazores.org\/wp-content\/uploads\/2022\/01\/75593868_10156375789891493_719036439416799232_o-500x375.jpg 500w, https:\/\/aeazores.org\/wp-content\/uploads\/2022\/01\/75593868_10156375789891493_719036439416799232_o-800x600.jpg 800w, https:\/\/aeazores.org\/wp-content\/uploads\/2022\/01\/75593868_10156375789891493_719036439416799232_o-1280x960.jpg 1280w, https:\/\/aeazores.org\/wp-content\/uploads\/2022\/01\/75593868_10156375789891493_719036439416799232_o-600x450.jpg 600w, https:\/\/aeazores.org\/wp-content\/uploads\/2022\/01\/75593868_10156375789891493_719036439416799232_o.jpg 1440w\" sizes=\"auto, (max-width: 1024px) 100vw, 1024px\" \/>\t\t\t\t\t\t\t\t\t\t\t<figcaption class=\"widget-image-caption wp-caption-text\">Holy Ghost musical group at the Casa dos A\u00e7ores in Winnipeg, Canada. Source: Casa dos A\u00e7ores of Winnipeg, Manitoba.<\/figcaption>\n\t\t\t\t\t\t\t\t\t\t<\/figure>\n\t\t\t\t\t<\/div>\n\t\t\t\t<\/div>\n\t\t\t\t<\/div>\n\t\t\t\t\t<\/div>\n\t\t<\/div>\n\t\t\t\t<div class=\"elementor-column elementor-col-33 elementor-top-column elementor-element elementor-element-50153e5\" data-id=\"50153e5\" data-element_type=\"column\">\n\t\t\t<div class=\"elementor-widget-wrap elementor-element-populated\">\n\t\t\t\t\t\t\t\t<div class=\"elementor-element elementor-element-66cb1b3 elementor-widget elementor-widget-image\" data-id=\"66cb1b3\" data-element_type=\"widget\" data-widget_type=\"image.default\">\n\t\t\t\t<div class=\"elementor-widget-container\">\n\t\t\t\t\t<div class=\"elementor-image\">\n\t\t\t\t\t\t\t<figure class=\"wp-caption\">\n\t\t\t\t\t\t\t\t\t\t<img loading=\"lazy\" decoding=\"async\" width=\"549\" height=\"250\" src=\"https:\/\/aeazores.org\/wp-content\/uploads\/2022\/01\/Fachada2.jpg\" class=\"attachment-large size-large\" alt=\"\" srcset=\"https:\/\/aeazores.org\/wp-content\/uploads\/2022\/01\/Fachada2.jpg 549w, https:\/\/aeazores.org\/wp-content\/uploads\/2022\/01\/Fachada2-300x137.jpg 300w, https:\/\/aeazores.org\/wp-content\/uploads\/2022\/01\/Fachada2-500x228.jpg 500w\" sizes=\"auto, (max-width: 549px) 100vw, 549px\" \/>\t\t\t\t\t\t\t\t\t\t\t<figcaption class=\"widget-image-caption wp-caption-text\">The Azores House of Ontario in Toronto<\/figcaption>\n\t\t\t\t\t\t\t\t\t\t<\/figure>\n\t\t\t\t\t<\/div>\n\t\t\t\t<\/div>\n\t\t\t\t<\/div>\n\t\t\t\t\t<\/div>\n\t\t<\/div>\n\t\t\t\t\t\t\t<\/div>\n\t\t<\/section>\n\t\t\t\t\t\t<\/div>\n\t\t\t\t\t<\/div>\n\t\t","protected":false},"excerpt":{"rendered":"<p>Flag of Canada From 1953 onwards Portugal started to supply Canada with labour. Due to the economic problems as well as the excess of population in the islands, emigrating abroad was a solution and for the Estado Novo it was a way to export a problem! The Azoreans saw Canada as a great opportunity due &hellip;<\/p>\n","protected":false},"author":2,"featured_media":16808,"template":"","diaspora_pais":[158,85],"class_list":["post-16814","cp_diaspora","type-cp_diaspora","status-publish","has-post-thumbnail","hentry","diaspora_pais-canada-2","diaspora_pais-portugal-en"],"_links":{"self":[{"href":"https:\/\/aeazores.org\/en\/wp-json\/wp\/v2\/cp_diaspora\/16814","targetHints":{"allow":["GET"]}}],"collection":[{"href":"https:\/\/aeazores.org\/en\/wp-json\/wp\/v2\/cp_diaspora"}],"about":[{"href":"https:\/\/aeazores.org\/en\/wp-json\/wp\/v2\/types\/cp_diaspora"}],"author":[{"embeddable":true,"href":"https:\/\/aeazores.org\/en\/wp-json\/wp\/v2\/users\/2"}],"version-history":[{"count":4,"href":"https:\/\/aeazores.org\/en\/wp-json\/wp\/v2\/cp_diaspora\/16814\/revisions"}],"predecessor-version":[{"id":16818,"href":"https:\/\/aeazores.org\/en\/wp-json\/wp\/v2\/cp_diaspora\/16814\/revisions\/16818"}],"wp:featuredmedia":[{"embeddable":true,"href":"https:\/\/aeazores.org\/en\/wp-json\/wp\/v2\/media\/16808"}],"wp:attachment":[{"href":"https:\/\/aeazores.org\/en\/wp-json\/wp\/v2\/media?parent=16814"}],"wp:term":[{"taxonomy":"diaspora_pais","embeddable":true,"href":"https:\/\/aeazores.org\/en\/wp-json\/wp\/v2\/diaspora_pais?post=16814"}],"curies":[{"name":"wp","href":"https:\/\/api.w.org\/{rel}","templated":true}]}}